
{"id":1088,"date":"2023-12-15T20:37:29","date_gmt":"2023-12-15T19:37:29","guid":{"rendered":"https:\/\/www.immobilierlocal.ch\/c\/?page_id=1088"},"modified":"2024-08-05T20:11:33","modified_gmt":"2024-08-05T18:11:33","slug":"evolution-des-prix-de-limmobilier-a-mont-sur-lausanne","status":"publish","type":"page","link":"https:\/\/www.immobilierlocal.ch\/c\/evolution-des-prix-de-limmobilier-canton-vaud\/evolution-des-prix-de-limmobilier-a-mont-sur-lausanne\/","title":{"rendered":"\u00c9volution des prix de l&rsquo;immobilier \u00e0 Le Mont-sur-Lausanne en 2026"},"content":{"rendered":"<h2 class=\"wp-block-heading\" id=\"h-le-prix-immobilier-moyen-au-m\u00b2-a-mont-sur-lausanne\">Le prix immobilier moyen au m\u00b2 \u00e0 Le Mont-sur-Lausanne<\/h2>\n\n<p class=\"estimates-price-immobilier\">Le march\u00e9 immobilier \u00e0 Le Mont-sur-Lausanne affiche un prix moyen de CHF 9'388 \/ m\u00b2 (prix par m\u00e8tre carr\u00e9). Les maisons et les appartements ont un prix moyen respectif de CHF 8'384 \/ m\u00b2 et de CHF 10'392 \/ m\u00b2.<\/p>\n\n\n<h2 class=\"wp-block-heading\" id=\"h-le-loyer-mensuel-moyen-a-mont-sur-lausanne\">Le loyer mensuel moyen \u00e0 Le Mont-sur-Lausanne<\/h2>\n\n<p class=\"estimates-rent-average\">Les loyers moyens \u00e0 Le Mont-sur-Lausanne sont actuellement de CHF 2'780 pour les appartements, CHF 3'309 pour les maisons.<\/p>\n\n\n<h2 class=\"wp-block-heading\" id=\"h-l-evolution-du-prix-a-mont-sur-lausanne\">L&rsquo;\u00e9volution du prix \u00e0 Le Mont-sur-Lausanne<\/h2>\n\n<p class=\"estimates-price-evolution\">Le prix de l'immobilier \u00e0 Le Mont-sur-Lausanne au cours du 4<sup>\u00e8me<\/sup> trimestre 2025 a vari\u00e9 d'environ 1.1%.<\/p>\n\n\n<div class=\"iframe-text\">Estimer maintenant votre bien immobilier<\/div><iframe id=\"estimer\" src=\"https:\/\/www.immobilierlocal.ch\/estimer?iframe=1\" frameborder=\"0\" loading=\"lazy\" width=\"100%\" height=\"1000\" style=\"overflow-x:hidden;\" referrerpolicy=\"no-referrer-when-downgrade\" title=\"Estimation immobili\u00e8re\"><\/iframe>\n\n\n<h2 class=\"wp-block-heading\" id=\"h-quelles-sont-les-tendances-a-venir-des-prix-immobiliers-a-mont-sur-lausanne\">Quelles sont les tendances \u00e0 venir des prix immobiliers \u00e0 Le Mont-sur-Lausanne<\/h2>\n\n\n<p>Malgr\u00e9 une hausse des prix \u00e0 Le Mont-sur-Lausanne ces 20 derni\u00e8res ann\u00e9es, le march\u00e9 tend \u00e0 l&rsquo;\u00e9quilibre. N\u00e9anmoins, les co\u00fbts des logements \u00e0 Le Mont-sur-Lausanne devraient conna\u00eetre une l\u00e9g\u00e8re augmentation dans les endroits les plus c\u00f4t\u00e9 de la localit\u00e9. La variation des montants au m\u00b2 est d\u00e9termin\u00e9e par divers d\u00e9tails tels que l&rsquo;offre, la demande et la situation \u00e9conomique.<\/p>\n\n\n<h2 class=\"wp-block-heading\" id=\"h-quelles-sont-les-raisons-derriere-les-prix-eleves-des-biens-immobiliers-a-mont-sur-lausanne\">Quelles sont les raisons derri\u00e8re les prix \u00e9lev\u00e9s des biens immobiliers \u00e0 Le Mont-sur-Lausanne ?<\/h2>\n\n\n<p>Les Helv\u00e8tes ont un pouvoir d&rsquo;achat haut, les prix au m\u00b2 \u00e0 Le Mont-sur-Lausanne sont en cons\u00e9quence \u00e9lev\u00e9s et dans les autres villes et cantons de Suisse, cela entra\u00eene des des co\u00fbts pour acqu\u00e9rir votre logement plus important. Avec tout cela, il est encore possible de trouver des propri\u00e9t\u00e9s immobili\u00e8res \u00e0 des tarifs abordables \u00e0 Le Mont-sur-Lausanne, surtout, si vous envisagez d&rsquo;acheter une propri\u00e9t\u00e9 immobili\u00e8re en p\u00e9riph\u00e9rie de Le Mont-sur-Lausanne.&nbsp;<\/p>\n\n\n<h2 class=\"wp-block-heading\" id=\"h-l-avenir-des-prix-de-l-immobilier-a-mont-sur-lausanne\"><b>L&rsquo;avenir des prix de l&rsquo;immobilier \u00e0 Le Mont-sur-Lausanne<\/b><\/h2>\n\n<div class=\"estimates-price-growth\">Les principaux cantons romands, plus pr\u00e9cis\u00e9ment la r\u00e9gion l\u00e9manique regroupent de grandes entreprises et la finance internationale, avec une demande immobili\u00e8re en constante hausse, \u00e9galement pour les biens d\u2019exceptions.\n            Les prix de l\u2019immobilier r\u00e9sidentiel ont connu une croissance soutenue durant ces cinq derni\u00e8res ann\u00e9es, soit\u00a0:<h3>L\u2019\u00e9volution du march\u00e9 en % pour les appartements en propri\u00e9t\u00e9 (PPE)<\/h3><ul>\n            <li>Commune urbaine (grande agglom\u00e9ration) est \u00e9gale \u00e0 22.4 %<\/li>\n            <li>Commune urbaine (petite agglom\u00e9ration) est \u00e9quivalente \u00e0 18.4 %<\/li>\n            <li>Commune interm\u00e9diaire se situe aux alentours de 22.6 %<\/li>\n            <li>Commune rurale est d\u2019environ 21.9 %<\/li>\n        <\/ul><h3>La variation du march\u00e9 en % pour les maisons individuelles<\/h3><ul>\n            <li>Commune urbaine (grande agglom\u00e9ration) est \u00e9gale \u00e0 21.4 %<\/li>\n            <li>Commune urbaine (petite agglom\u00e9ration) est \u00e9quivalente \u00e0 28.4 %<\/li>\n            <li>Commune interm\u00e9diaire se situe aux alentours de 21.8 %<\/li>\n            <li>Commune rurale est d\u2019environ 20.4 %<\/li>\n        <\/ul><h3>La variation du march\u00e9 en % pour le prochain trimestre<\/h3><p>Pour la p\u00e9riode suivante, les prix devraient \u00e9voluer de 1.63 % en moyenne.<\/p><\/div>\n\n\n<h2 class=\"wp-block-heading\" id=\"h-quels-sont-les-parametres-qui-influencent-le-prix-des-proprietes-a-mont-sur-lausanne\">Quels sont les param\u00e8tres qui influencent le prix des propri\u00e9t\u00e9s \u00e0 Le Mont-sur-Lausanne ?<\/h2>\n\n\n<p>\u00c0 Le Mont-sur-Lausanne, plusieurs facteurs influencent le prix des studios. Que vous cherchiez \u00e0 acheter ou louer un logement, il est vital de vous informer \u00e0 l&rsquo;avance afin d&rsquo;avoir une vision pr\u00e9cise des prix pratiqu\u00e9s.<\/p>\n\n\n<h3 class=\"wp-block-heading\" id=\"h-les-elements-qui-influencent-le-prix-par-metre-carre-d-un-appartement-a-mont-sur-lausanne\">Les \u00e9l\u00e9ments qui influencent le prix par m\u00e8tre carr\u00e9 d&rsquo;un appartement \u00e0 Le Mont-sur-Lausanne :<\/h3>\n\n\n<ul class=\"wp-block-list\">\n<li>Si vous avez un ext\u00e9rieur : avoir un balcon ou une terrasse augmente la valeur de votre bien et permet de vendre \u00e0 un prix plus haut.<\/li>\n\n\n\n<li>Le parking : si vous habitez dans le coeur de ville, avoir un parking couvert, d&rsquo;une place de parking ext\u00e9rieure ou d&rsquo;un abri privatif est un avantage lors de la vente.<\/li>\n\n\n\n<li>Appartement en \u00e9tage ou rez-de-chauss\u00e9e : un appartement \u00e0 l&rsquo;\u00e9tage offre davantage de luminosit\u00e9 et \u00e9vite les nuisances li\u00e9es au passage des r\u00e9sidents (comme le bruit). Un logement au rez-de-chauss\u00e9e pr\u00e9sente l&rsquo;avantage d&rsquo;\u00eatre en g\u00e9n\u00e9ral moins cher.<\/li>\n\n\n\n<li>Les frais de copropri\u00e9t\u00e9 : les charges de copropri\u00e9t\u00e9s peuvent obliger les vendeurs en copropri\u00e9t\u00e9 (PPE) \u00e0 baisser leurs prix de vente pour s&rsquo;adapter au march\u00e9.<\/li>\n<\/ul>\n\n\n<h3 class=\"wp-block-heading\" id=\"h-voici-les-elements-qui-determine-le-cout-au-m2-d-une-demeure-a-mont-sur-lausanne\">Voici, les \u00e9l\u00e9ments qui d\u00e9termine le co\u00fbt au m2 d&rsquo;une demeure \u00e0 Le Mont-sur-Lausanne<\/h3>\n\n\n<ul class=\"wp-block-list\">\n<li>Les extensions pr\u00e9sentes : elles aident \u00e0 agrandir la surface vivable et en cons\u00e9quence le prix d&rsquo;un logement. Les extensions dans les logements peuvent \u00eatre : une cave, une pergola, une v\u00e9randa ou des combles am\u00e9nag\u00e9s.<\/li>\n\n\n\n<li>Le type de construction : une maison individuelle a une plus grande valeur en comparaison d&rsquo;une habitation qui est jumel\u00e9e ou adjacente.<\/li>\n\n\n\n<li>L&rsquo;espace disponible et l&rsquo;am\u00e9nagement du terrain : augmentez la valeur de votre maison en fixant une cl\u00f4ture ou un brise-vue.<\/li>\n\n\n\n<li>Villa avec parking : un garage accro\u00eet la valeur de votre maison, la valeur change aussi en fonction de sa dimension, de son type (simple ou double), de sa couverture de protection et de son degr\u00e9 de s\u00fbret\u00e9.<\/li>\n\n\n\n<li>Villa avec piscine : poss\u00e9der une piscine gonflera la valeur v\u00e9nale du bien.<\/li>\n<\/ul>\n\n\n<h2 class=\"wp-block-heading\" id=\"h-voici-les-facteurs-qui-permettent-d-etablir-le-prix-au-m2-d-un-loyer-a-mont-sur-lausanne\">Voici, les facteurs qui permettent d&rsquo;\u00e9tablir le prix au m2 d&rsquo;un loyer \u00e0 Le Mont-sur-Lausanne :<\/h2>\n\n\n<ul class=\"wp-block-list\">\n<li>La date de construction : si le bien est r\u00e9cent, le montant du loyer par m\u00e8tre carr\u00e9 sera davantage haut que celui d&rsquo;un logement n\u00e9cessitant un rafraichissement.<\/li>\n\n\n\n<li>Le lieu de la r\u00e9sidence : en fonction du quartier, le montant au m\u00b2 varie, il y a des emplacements plus appr\u00e9ci\u00e9s et ais\u00e9s que d&rsquo;autres.<\/li>\n\n\n\n<li>La demande : les tarifs au m\u00b2 changent en fonction de la demande et des offres immobili\u00e8res disponibles. S&rsquo;il y a une diminution de logements libres \u00e0 la location, les prix des loyers augmentent.<\/li>\n<\/ul>\n\n\n<h2 class=\"wp-block-heading\" id=\"h-comment-expliquer-les-fluctuations-des-prix-immobiliers-a-mont-sur-lausanne\">Comment expliquer les fluctuations des prix immobiliers \u00e0 Le Mont-sur-Lausanne ?<\/h2>\n\n\n<p>Le nombre d&rsquo;acheteurs et les biens disponibles : lorsque le nombre d&rsquo;acheteurs afflue et que les studios se font rares, les co\u00fbts de l&rsquo;immobilier augmentent.<\/p>\n\n\n\n<p>La situation g\u00e9ographique du logement \u00e0 Le Mont-sur-Lausanne : la tranquillit\u00e9 de l&rsquo;endroit, le nombre de petites entreprises, le nombre de routes, la proximit\u00e9 des arr\u00eats de bus font grimper le prix de l&rsquo;immobilier<\/p>\n\n\n\n<p>Les r\u00e9novations et travaux d&rsquo;\u00e9conomie d&rsquo;\u00e9nergie : avoir effectu\u00e9 des r\u00e9novations \u00e9nerg\u00e9tiques permet d&rsquo;\u00e9conomiser de l&rsquo;\u00e9nergie et diminuer les \u00e9missions de gaz \u00e0 effet de serre. Si votre villa a \u00e9t\u00e9 n\u00e9glig\u00e9e et exige des r\u00e9novations pour \u00eatre logeable. L&rsquo;acheteur peut vous pr\u00e9senter une proposition plus faible dans le but de couvrir les futurs travaux.<\/p>\n\n\n\n<p>Le tissu \u00e9conomique : l&rsquo;\u00e9volution des valeurs des prix du march\u00e9 des logements est influenc\u00e9e par le tissu \u00e9conomique, notamment le march\u00e9 de l&#8217;emploi, les am\u00e9nagements et infrastructures que l&rsquo;on trouve aux environs, la bonne g\u00e9rance des finances et les crises mon\u00e9taires. Notamment, si les vendeurs pronostiquent une prochaine hausse des prix en connaissance du climat social \u00e9conomique, les propri\u00e9taires peuvent d\u00e9cider de temporiser la vente de leurs biens, ce qui conduit automatiquement une hausse des montants et une r\u00e9duction du volume des ventes.<\/p>\n\n\n\n<p>La d\u00e9mographie : L&rsquo;impact de la d\u00e9mographie sur la demande immobili\u00e8re est math\u00e9matique. Quand le nombre d&rsquo;habitants cro\u00eet plus vite que l&rsquo;offre, par cons\u00e9quent, les tarifs des biens immobiliers croissent.<\/p>\n\n\n\n<p>Les r\u00e9glementations : les normes permettent d&rsquo;augmenter ou de baisser le nombre total de nouvelles constructions et donc de potentiellement diminuer la valeur des biens immobiliers ( de plus en plus de biens \u00e0 la vente sur le march\u00e9 immobilier entra\u00eeneront une diminution des prix de l&rsquo;immobilier).<\/p>\n\n\n\n<p>L&rsquo;augmentation des prix : l&rsquo;inflation d\u00e9valorise la monnaie, conduisant \u00e0 une hausse du co\u00fbt des biens immobiliers.<\/p>\n\n\n\n<p>Les modalit\u00e9s pour obtenir un cr\u00e9dit pour votre bien : si les conditions d&#8217;emprunt sont favorables, les acqu\u00e9reurs auront un pouvoir d&rsquo;achat accru. Dans ces circonstances, les prix augmenteront si l&rsquo;offre immobili\u00e8re ne suit pas la demande. D&rsquo;autres \u00e9l\u00e9ments, comme : les taxes, le taux d&rsquo;\u00e9pargne, influencent aussi les montants logements \u00e0 Le Mont-sur-Lausanne.<\/p>\n\n\n<h2 class=\"wp-block-heading\" id=\"h-pourquoi-il-faut-avoir-une-connaissance-des-prix-des-biens-immobiliers-a-mont-sur-lausanne\">Pourquoi il faut avoir une connaissance des prix des biens immobiliers \u00e0 Le Mont-sur-Lausanne ?<\/h2>\n\n\n<p>Si vous projetez d&rsquo;investir ou de louer un logement \u00e0 Le Mont-sur-Lausanne, il est n\u00e9cessaire de se faire une id\u00e9e des tarifs des biens immobiliers et de suivre la croissance des prix. Vous pouvez alors estimer avec pr\u00e9cision la valeur d&rsquo;un appartement avant de l&rsquo;acheter ou de le vendre.<\/p>\n\n\n<h2 class=\"wp-block-heading\" id=\"h-comment-estimer-correctement-le-prix-d-un-appartement-ou-d-une-habitation-a-mont-sur-lausanne\">Comment estimer correctement le prix d&rsquo;un appartement ou d&rsquo;une habitation \u00e0 Le Mont-sur-Lausanne ?<\/h2>\n\n\n<ul class=\"wp-block-list\">\n<li>Servez-vous d&rsquo;un logiciel d&rsquo;estimation immobili\u00e8re pour \u00e9valuer pr\u00e9cis\u00e9ment votre bien immobilier.<\/li>\n\n\n\n<li>Il est possible de faire appel \u00e0 un agent immobilier ou une entreprise dans votre ville.<\/li>\n<\/ul>\n\n\n\n<p>Les deux choix possibles ont des avantages et des d\u00e9savantages, dans tous les cas, elles vous permettent de d\u00e9terminer le prix de votre bien immobilier et ainsi la c\u00e9der au tarif le plus pr\u00e9cis possible.<\/p>\n\n\n<h2 class=\"wp-block-heading\" id=\"h-a-l-aide-de-notre-software\">\u00c0 l&rsquo;aide de notre software<\/h2>\n\n\n<p>Obtenez la vraie valeur de votre appartement en quelques minutes avec notre logiciel d&rsquo;estimation en ligne gratuit. En uniquement 3 minutes, vous recevez une \u00e9valuation pr\u00e9cise de votre maison ou de votre appartement \u00e0 Le Mont-sur-Lausanne.<\/p>\n\n\n\n<p>Pour r\u00e9cup\u00e9rer une estimation pr\u00e9cise du prix, vous devez fournir les \u00e9l\u00e9ments de votre habitation comme :<\/p>\n\n\n\n<ul class=\"wp-block-list\">\n<li>La position de votre habitation.<\/li>\n\n\n\n<li>La surface ext\u00e9rieure et int\u00e9rieure.<\/li>\n\n\n\n<li>La qualit\u00e9 des alentours.<\/li>\n\n\n\n<li>La qualit\u00e9 des transports non loin.<\/li>\n\n\n\n<li>Les diverses r\u00e9novations effectu\u00e9es dans votre propri\u00e9t\u00e9.<\/li>\n\n\n\n<li>La situation g\u00e9ographique.<\/li>\n\n\n\n<li>Le nombre de pi\u00e8ces habitables.<\/li>\n\n\n\n<li>Le parking int\u00e9rieur et\/ou ext\u00e9rieur disponible.<\/li>\n\n\n\n<li>L&rsquo;ann\u00e9e de construction.<\/li>\n\n\n\n<li>Les avantages de votre appartement (terrasse, balcon, terrain, parking\u2026).<\/li>\n\n\n\n<li>Le prix du capital de r\u00e9novation de la propri\u00e9t\u00e9 par \u00e9tages (PPE).<\/li>\n\n\n\n<li>L&rsquo;\u00e9tat g\u00e9n\u00e9ral de votre logement.<\/li>\n<\/ul>\n\n\n<h3 class=\"wp-block-heading\" id=\"h-estimation-immobiliere-faite-par-un-agent-immobilier-a-mont-sur-lausanne\">Estimation immobili\u00e8re faite par un agent immobilier \u00e0 Le Mont-sur-Lausanne<\/h3>\n\n\n<p>Pour d\u00e9terminer avec pr\u00e9cision la valeur d&rsquo;un studio ou d&rsquo;une propri\u00e9t\u00e9 \u00e0 Le Mont-sur-Lausanne, il est n\u00e9cessaire de s&rsquo;adresser \u00e0 un professionnel de l&rsquo;immobilier \u00e0 Le Mont-sur-Lausanne. Nos agents immobiliers emploieront leurs connaissances et leurs savoir-faire pour chiffrer la valeur de votre studio.<\/p>\n\n\n\n<p>Que ce soit une maison, un appartement, un terrain constructible, ou un immeuble, nous poss\u00e9dons l&rsquo;expertise n\u00e9cessaire pour d\u00e9terminer la valeur d&rsquo;un bien en prenant en compte ses qualit\u00e9s et le prix du march\u00e9.<\/p>\n\n\n\n<p>Pour d\u00e9finir correctement le prix de votre appartement ou de votre villa \u00e0 Le Mont-sur-Lausanne. Nous v\u00e9rifions tous vos documents tels que le plan cadastral, votre registre foncier et les plans d&rsquo;architecte, en vue de vous livrer un document d&rsquo;estimation complet.<\/p>\n\r\n\n\r<p>L&rsquo;\u00e9volution est similaire dans les villes proches, telles que :<\/p>\r\r\n\nRomanel-sur-Lausanne, Cheseaux-sur-Lausanne, Bretigny-sur-Morrens, Cugy VD, Morrens VD, Froideville, Epalinges.\n","protected":false},"excerpt":{"rendered":"<p>Le prix immobilier moyen au m\u00b2 \u00e0 Le Mont-sur-Lausanne Le loyer mensuel moyen \u00e0 Le Mont-sur-Lausanne L&rsquo;\u00e9volution du prix \u00e0 Le Mont-sur-Lausanne Quelles sont les tendances \u00e0 venir des prix immobiliers \u00e0 Le Mont-sur-Lausanne Malgr\u00e9 une hausse des prix \u00e0 Le Mont-sur-Lausanne ces 20 derni\u00e8res ann\u00e9es, le march\u00e9 tend \u00e0 l&rsquo;\u00e9quilibre. N\u00e9anmoins, les co\u00fbts des [&hellip;]<\/p>\n","protected":false},"author":3,"featured_media":1821,"parent":1099,"menu_order":0,"comment_status":"closed","ping_status":"closed","template":"","meta":{"footnotes":""},"categories":[83],"profession":[],"location":[7],"canton":[],"class_list":["post-1088","page","type-page","status-publish","has-post-thumbnail","hentry","category-evolution"],"yoast_head":"<!-- This site is optimized with the Yoast SEO Premium plugin v23.0 (Yoast SEO v27.4) - https:\/\/yoast.com\/product\/yoast-seo-premium-wordpress\/ -->\n<title>\u00c9volution des prix de l&#039;immobilier \u00e0 Le Mont-sur-Lausanne en 2026 - Immobilierlocal<\/title>\n<meta name=\"description\" content=\"D\u00e9couvrez le Prix moyen au m\u00b2 \u00e0 Le Le Mont-sur-Lausanne en mai 2026 \u2705 Estimation gratuite de votre bien \u2705 Derni\u00e8res \u00e9volutions du march\u00e9.\" \/>\n<meta name=\"robots\" content=\"index, follow, max-snippet:-1, max-image-preview:large, max-video-preview:-1\" \/>\n<link rel=\"canonical\" href=\"https:\/\/www.immobilierlocal.ch\/c\/evolution-des-prix-de-limmobilier-canton-vaud\/evolution-des-prix-de-limmobilier-a-mont-sur-lausanne\/\" \/>\n<meta property=\"og:locale\" content=\"fr_FR\" \/>\n<meta property=\"og:type\" content=\"article\" \/>\n<meta property=\"og:title\" content=\"\u00c9volution des prix de l&#039;immobilier \u00e0 Le Mont-sur-Lausanne en 2026\" \/>\n<meta property=\"og:description\" content=\"D\u00e9couvrez le Prix moyen au m\u00b2 \u00e0 Le Le Mont-sur-Lausanne en mai 2026 \u2705 Estimation gratuite de votre bien \u2705 Derni\u00e8res \u00e9volutions du march\u00e9.\" \/>\n<meta property=\"og:url\" content=\"https:\/\/www.immobilierlocal.ch\/c\/evolution-des-prix-de-limmobilier-canton-vaud\/evolution-des-prix-de-limmobilier-a-mont-sur-lausanne\/\" \/>\n<meta property=\"og:site_name\" content=\"Immobilierlocal\" \/>\n<meta property=\"article:modified_time\" content=\"2024-08-05T18:11:33+00:00\" \/>\n<meta property=\"og:image\" content=\"https:\/\/www.immobilierlocal.ch\/c\/wp-content\/uploads\/2023\/12\/evolution-des-prix-de-limmobilier-a-mont-sur-lausanne-1-scaled.jpg\" \/>\n\t<meta property=\"og:image:width\" content=\"2560\" \/>\n\t<meta property=\"og:image:height\" content=\"817\" \/>\n\t<meta property=\"og:image:type\" content=\"image\/jpeg\" \/>\n<meta name=\"twitter:card\" content=\"summary_large_image\" \/>\n<meta name=\"twitter:label1\" content=\"Dur\u00e9e de lecture estim\u00e9e\" \/>\n\t<meta name=\"twitter:data1\" content=\"7 minutes\" \/>\n<script type=\"application\/ld+json\" class=\"yoast-schema-graph\">{\"@context\":\"https:\\\/\\\/schema.org\",\"@graph\":[{\"@type\":\"WebPage\",\"@id\":\"https:\\\/\\\/www.immobilierlocal.ch\\\/c\\\/evolution-des-prix-de-limmobilier-canton-vaud\\\/evolution-des-prix-de-limmobilier-a-mont-sur-lausanne\\\/\",\"url\":\"https:\\\/\\\/www.immobilierlocal.ch\\\/c\\\/evolution-des-prix-de-limmobilier-canton-vaud\\\/evolution-des-prix-de-limmobilier-a-mont-sur-lausanne\\\/\",\"name\":\"\u00c9volution des prix de l'immobilier \u00e0 Le Mont-sur-Lausanne en 2026 - Immobilierlocal\",\"isPartOf\":{\"@id\":\"https:\\\/\\\/www.immobilierlocal.ch\\\/c\\\/#website\"},\"primaryImageOfPage\":{\"@id\":\"https:\\\/\\\/www.immobilierlocal.ch\\\/c\\\/evolution-des-prix-de-limmobilier-canton-vaud\\\/evolution-des-prix-de-limmobilier-a-mont-sur-lausanne\\\/#primaryimage\"},\"image\":{\"@id\":\"https:\\\/\\\/www.immobilierlocal.ch\\\/c\\\/evolution-des-prix-de-limmobilier-canton-vaud\\\/evolution-des-prix-de-limmobilier-a-mont-sur-lausanne\\\/#primaryimage\"},\"thumbnailUrl\":\"https:\\\/\\\/www.immobilierlocal.ch\\\/c\\\/wp-content\\\/uploads\\\/2023\\\/12\\\/evolution-des-prix-de-limmobilier-a-mont-sur-lausanne-1-scaled.jpg\",\"datePublished\":\"2023-12-15T19:37:29+00:00\",\"dateModified\":\"2024-08-05T18:11:33+00:00\",\"breadcrumb\":{\"@id\":\"https:\\\/\\\/www.immobilierlocal.ch\\\/c\\\/evolution-des-prix-de-limmobilier-canton-vaud\\\/evolution-des-prix-de-limmobilier-a-mont-sur-lausanne\\\/#breadcrumb\"},\"inLanguage\":\"fr-FR\",\"potentialAction\":[{\"@type\":\"ReadAction\",\"target\":[\"https:\\\/\\\/www.immobilierlocal.ch\\\/c\\\/evolution-des-prix-de-limmobilier-canton-vaud\\\/evolution-des-prix-de-limmobilier-a-mont-sur-lausanne\\\/\"]}]},{\"@type\":\"ImageObject\",\"inLanguage\":\"fr-FR\",\"@id\":\"https:\\\/\\\/www.immobilierlocal.ch\\\/c\\\/evolution-des-prix-de-limmobilier-canton-vaud\\\/evolution-des-prix-de-limmobilier-a-mont-sur-lausanne\\\/#primaryimage\",\"url\":\"https:\\\/\\\/www.immobilierlocal.ch\\\/c\\\/wp-content\\\/uploads\\\/2023\\\/12\\\/evolution-des-prix-de-limmobilier-a-mont-sur-lausanne-1-scaled.jpg\",\"contentUrl\":\"https:\\\/\\\/www.immobilierlocal.ch\\\/c\\\/wp-content\\\/uploads\\\/2023\\\/12\\\/evolution-des-prix-de-limmobilier-a-mont-sur-lausanne-1-scaled.jpg\",\"width\":2560,\"height\":817,\"caption\":\"\u00c9volution des prix de l'immobilier \u00e0 Le Mont-sur-Lausanne\"},{\"@type\":\"BreadcrumbList\",\"@id\":\"https:\\\/\\\/www.immobilierlocal.ch\\\/c\\\/evolution-des-prix-de-limmobilier-canton-vaud\\\/evolution-des-prix-de-limmobilier-a-mont-sur-lausanne\\\/#breadcrumb\",\"itemListElement\":[{\"@type\":\"ListItem\",\"position\":1,\"name\":\"Accueil\",\"item\":\"https:\\\/\\\/www.immobilierlocal.ch\\\/c\\\/\"},{\"@type\":\"ListItem\",\"position\":2,\"name\":\"\u00c9volution des prix de l&rsquo;immobilier dans le canton de Vaud en 2025\",\"item\":\"https:\\\/\\\/www.immobilierlocal.ch\\\/c\\\/evolution-des-prix-de-limmobilier-canton-vaud\\\/\"},{\"@type\":\"ListItem\",\"position\":3,\"name\":\"\u00c9volution des prix de l&rsquo;immobilier \u00e0 Mont-sur-Lausanne en 2025\"}]},{\"@type\":\"WebSite\",\"@id\":\"https:\\\/\\\/www.immobilierlocal.ch\\\/c\\\/#website\",\"url\":\"https:\\\/\\\/www.immobilierlocal.ch\\\/c\\\/\",\"name\":\"Immobilierlocal\",\"description\":\"\",\"publisher\":{\"@id\":\"https:\\\/\\\/www.immobilierlocal.ch\\\/c\\\/#organization\"},\"potentialAction\":[{\"@type\":\"SearchAction\",\"target\":{\"@type\":\"EntryPoint\",\"urlTemplate\":\"https:\\\/\\\/www.immobilierlocal.ch\\\/c\\\/?s={search_term_string}\"},\"query-input\":{\"@type\":\"PropertyValueSpecification\",\"valueRequired\":true,\"valueName\":\"search_term_string\"}}],\"inLanguage\":\"fr-FR\"},{\"@type\":\"Organization\",\"@id\":\"https:\\\/\\\/www.immobilierlocal.ch\\\/c\\\/#organization\",\"name\":\"Immobilierlocal\",\"url\":\"https:\\\/\\\/www.immobilierlocal.ch\\\/c\\\/\",\"logo\":{\"@type\":\"ImageObject\",\"inLanguage\":\"fr-FR\",\"@id\":\"https:\\\/\\\/www.immobilierlocal.ch\\\/c\\\/#\\\/schema\\\/logo\\\/image\\\/\",\"url\":\"https:\\\/\\\/www.immobilierlocal.ch\\\/c\\\/wp-content\\\/uploads\\\/2023\\\/10\\\/logo-immobilierlocal-h.svg\",\"contentUrl\":\"https:\\\/\\\/www.immobilierlocal.ch\\\/c\\\/wp-content\\\/uploads\\\/2023\\\/10\\\/logo-immobilierlocal-h.svg\",\"caption\":\"Immobilierlocal\"},\"image\":{\"@id\":\"https:\\\/\\\/www.immobilierlocal.ch\\\/c\\\/#\\\/schema\\\/logo\\\/image\\\/\"}}]}<\/script>\n<!-- \/ Yoast SEO Premium plugin. -->","yoast_head_json":{"title":"\u00c9volution des prix de l'immobilier \u00e0 Le Mont-sur-Lausanne en 2026 - Immobilierlocal","description":"D\u00e9couvrez le Prix moyen au m\u00b2 \u00e0 Le Le Mont-sur-Lausanne en mai 2026 \u2705 Estimation gratuite de votre bien \u2705 Derni\u00e8res \u00e9volutions du march\u00e9.","robots":{"index":"index","follow":"follow","max-snippet":"max-snippet:-1","max-image-preview":"max-image-preview:large","max-video-preview":"max-video-preview:-1"},"canonical":"https:\/\/www.immobilierlocal.ch\/c\/evolution-des-prix-de-limmobilier-canton-vaud\/evolution-des-prix-de-limmobilier-a-mont-sur-lausanne\/","og_locale":"fr_FR","og_type":"article","og_title":"\u00c9volution des prix de l'immobilier \u00e0 Le Mont-sur-Lausanne en 2026","og_description":"D\u00e9couvrez le Prix moyen au m\u00b2 \u00e0 Le Le Mont-sur-Lausanne en mai 2026 \u2705 Estimation gratuite de votre bien \u2705 Derni\u00e8res \u00e9volutions du march\u00e9.","og_url":"https:\/\/www.immobilierlocal.ch\/c\/evolution-des-prix-de-limmobilier-canton-vaud\/evolution-des-prix-de-limmobilier-a-mont-sur-lausanne\/","og_site_name":"Immobilierlocal","article_modified_time":"2024-08-05T18:11:33+00:00","og_image":[{"width":2560,"height":817,"url":"https:\/\/www.immobilierlocal.ch\/c\/wp-content\/uploads\/2023\/12\/evolution-des-prix-de-limmobilier-a-mont-sur-lausanne-1-scaled.jpg","type":"image\/jpeg"}],"twitter_card":"summary_large_image","twitter_misc":{"Dur\u00e9e de lecture estim\u00e9e":"7 minutes"},"schema":{"@context":"https:\/\/schema.org","@graph":[{"@type":"WebPage","@id":"https:\/\/www.immobilierlocal.ch\/c\/evolution-des-prix-de-limmobilier-canton-vaud\/evolution-des-prix-de-limmobilier-a-mont-sur-lausanne\/","url":"https:\/\/www.immobilierlocal.ch\/c\/evolution-des-prix-de-limmobilier-canton-vaud\/evolution-des-prix-de-limmobilier-a-mont-sur-lausanne\/","name":"\u00c9volution des prix de l'immobilier \u00e0 Le Mont-sur-Lausanne en 2026 - Immobilierlocal","isPartOf":{"@id":"https:\/\/www.immobilierlocal.ch\/c\/#website"},"primaryImageOfPage":{"@id":"https:\/\/www.immobilierlocal.ch\/c\/evolution-des-prix-de-limmobilier-canton-vaud\/evolution-des-prix-de-limmobilier-a-mont-sur-lausanne\/#primaryimage"},"image":{"@id":"https:\/\/www.immobilierlocal.ch\/c\/evolution-des-prix-de-limmobilier-canton-vaud\/evolution-des-prix-de-limmobilier-a-mont-sur-lausanne\/#primaryimage"},"thumbnailUrl":"https:\/\/www.immobilierlocal.ch\/c\/wp-content\/uploads\/2023\/12\/evolution-des-prix-de-limmobilier-a-mont-sur-lausanne-1-scaled.jpg","datePublished":"2023-12-15T19:37:29+00:00","dateModified":"2024-08-05T18:11:33+00:00","breadcrumb":{"@id":"https:\/\/www.immobilierlocal.ch\/c\/evolution-des-prix-de-limmobilier-canton-vaud\/evolution-des-prix-de-limmobilier-a-mont-sur-lausanne\/#breadcrumb"},"inLanguage":"fr-FR","potentialAction":[{"@type":"ReadAction","target":["https:\/\/www.immobilierlocal.ch\/c\/evolution-des-prix-de-limmobilier-canton-vaud\/evolution-des-prix-de-limmobilier-a-mont-sur-lausanne\/"]}]},{"@type":"ImageObject","inLanguage":"fr-FR","@id":"https:\/\/www.immobilierlocal.ch\/c\/evolution-des-prix-de-limmobilier-canton-vaud\/evolution-des-prix-de-limmobilier-a-mont-sur-lausanne\/#primaryimage","url":"https:\/\/www.immobilierlocal.ch\/c\/wp-content\/uploads\/2023\/12\/evolution-des-prix-de-limmobilier-a-mont-sur-lausanne-1-scaled.jpg","contentUrl":"https:\/\/www.immobilierlocal.ch\/c\/wp-content\/uploads\/2023\/12\/evolution-des-prix-de-limmobilier-a-mont-sur-lausanne-1-scaled.jpg","width":2560,"height":817,"caption":"\u00c9volution des prix de l'immobilier \u00e0 Le Mont-sur-Lausanne"},{"@type":"BreadcrumbList","@id":"https:\/\/www.immobilierlocal.ch\/c\/evolution-des-prix-de-limmobilier-canton-vaud\/evolution-des-prix-de-limmobilier-a-mont-sur-lausanne\/#breadcrumb","itemListElement":[{"@type":"ListItem","position":1,"name":"Accueil","item":"https:\/\/www.immobilierlocal.ch\/c\/"},{"@type":"ListItem","position":2,"name":"\u00c9volution des prix de l&rsquo;immobilier dans le canton de Vaud en 2025","item":"https:\/\/www.immobilierlocal.ch\/c\/evolution-des-prix-de-limmobilier-canton-vaud\/"},{"@type":"ListItem","position":3,"name":"\u00c9volution des prix de l&rsquo;immobilier \u00e0 Mont-sur-Lausanne en 2025"}]},{"@type":"WebSite","@id":"https:\/\/www.immobilierlocal.ch\/c\/#website","url":"https:\/\/www.immobilierlocal.ch\/c\/","name":"Immobilierlocal","description":"","publisher":{"@id":"https:\/\/www.immobilierlocal.ch\/c\/#organization"},"potentialAction":[{"@type":"SearchAction","target":{"@type":"EntryPoint","urlTemplate":"https:\/\/www.immobilierlocal.ch\/c\/?s={search_term_string}"},"query-input":{"@type":"PropertyValueSpecification","valueRequired":true,"valueName":"search_term_string"}}],"inLanguage":"fr-FR"},{"@type":"Organization","@id":"https:\/\/www.immobilierlocal.ch\/c\/#organization","name":"Immobilierlocal","url":"https:\/\/www.immobilierlocal.ch\/c\/","logo":{"@type":"ImageObject","inLanguage":"fr-FR","@id":"https:\/\/www.immobilierlocal.ch\/c\/#\/schema\/logo\/image\/","url":"https:\/\/www.immobilierlocal.ch\/c\/wp-content\/uploads\/2023\/10\/logo-immobilierlocal-h.svg","contentUrl":"https:\/\/www.immobilierlocal.ch\/c\/wp-content\/uploads\/2023\/10\/logo-immobilierlocal-h.svg","caption":"Immobilierlocal"},"image":{"@id":"https:\/\/www.immobilierlocal.ch\/c\/#\/schema\/logo\/image\/"}}]}},"_links":{"self":[{"href":"https:\/\/www.immobilierlocal.ch\/c\/wp-json\/wp\/v2\/pages\/1088","targetHints":{"allow":["GET"]}}],"collection":[{"href":"https:\/\/www.immobilierlocal.ch\/c\/wp-json\/wp\/v2\/pages"}],"about":[{"href":"https:\/\/www.immobilierlocal.ch\/c\/wp-json\/wp\/v2\/types\/page"}],"author":[{"embeddable":true,"href":"https:\/\/www.immobilierlocal.ch\/c\/wp-json\/wp\/v2\/users\/3"}],"replies":[{"embeddable":true,"href":"https:\/\/www.immobilierlocal.ch\/c\/wp-json\/wp\/v2\/comments?post=1088"}],"version-history":[{"count":0,"href":"https:\/\/www.immobilierlocal.ch\/c\/wp-json\/wp\/v2\/pages\/1088\/revisions"}],"up":[{"embeddable":true,"href":"https:\/\/www.immobilierlocal.ch\/c\/wp-json\/wp\/v2\/pages\/1099"}],"wp:featuredmedia":[{"embeddable":true,"href":"https:\/\/www.immobilierlocal.ch\/c\/wp-json\/wp\/v2\/media\/1821"}],"wp:attachment":[{"href":"https:\/\/www.immobilierlocal.ch\/c\/wp-json\/wp\/v2\/media?parent=1088"}],"wp:term":[{"taxonomy":"category","embeddable":true,"href":"https:\/\/www.immobilierlocal.ch\/c\/wp-json\/wp\/v2\/categories?post=1088"},{"taxonomy":"profession","embeddable":true,"href":"https:\/\/www.immobilierlocal.ch\/c\/wp-json\/wp\/v2\/profession?post=1088"},{"taxonomy":"location","embeddable":true,"href":"https:\/\/www.immobilierlocal.ch\/c\/wp-json\/wp\/v2\/location?post=1088"},{"taxonomy":"canton","embeddable":true,"href":"https:\/\/www.immobilierlocal.ch\/c\/wp-json\/wp\/v2\/canton?post=1088"}],"curies":[{"name":"wp","href":"https:\/\/api.w.org\/{rel}","templated":true}]}}