
{"id":1081,"date":"2023-12-15T20:37:28","date_gmt":"2023-12-15T19:37:28","guid":{"rendered":"https:\/\/www.immobilierlocal.ch\/c\/?page_id=1081"},"modified":"2024-08-05T20:11:52","modified_gmt":"2024-08-05T18:11:52","slug":"evolution-des-prix-de-limmobilier-a-crissier","status":"publish","type":"page","link":"https:\/\/www.immobilierlocal.ch\/c\/evolution-des-prix-de-limmobilier-canton-vaud\/evolution-des-prix-de-limmobilier-a-crissier\/","title":{"rendered":"\u00c9volution des prix de l&rsquo;immobilier \u00e0 Crissier en 2026"},"content":{"rendered":"<h2 class=\"wp-block-heading\" id=\"h-le-prix-immobilier-moyen-au-m\u00b2-a-crissier\">Le prix immobilier moyen au m\u00b2 \u00e0 Crissier<\/h2>\n\n<p class=\"estimates-price-immobilier\">Le march\u00e9 immobilier \u00e0 Crissier affiche un prix moyen de CHF 9'826 \/ m\u00b2 (prix par m\u00e8tre carr\u00e9). Les maisons et les appartements ont un prix moyen respectif de CHF 9'819 \/ m\u00b2 et de CHF 9'832 \/ m\u00b2.<\/p>\n\n\n<h2 class=\"wp-block-heading\" id=\"h-le-loyer-mensuel-moyen-a-crissier\">Le loyer mensuel moyen \u00e0 Crissier<\/h2>\n\n<p class=\"estimates-rent-average\">Les loyers moyens \u00e0 Crissier sont actuellement de CHF 2'570 pour les appartements, CHF 3'106 pour les maisons.<\/p>\n\n\n<h2 class=\"wp-block-heading\" id=\"h-l-evolution-du-prix-a-crissier\">L&rsquo;\u00e9volution du prix \u00e0 Crissier<\/h2>\n\n<p class=\"estimates-price-evolution\">Le prix de l'immobilier \u00e0 Crissier au cours du 4<sup>\u00e8me<\/sup> trimestre 2025 a vari\u00e9 d'environ 1.1%.<\/p>\n\n\n<div class=\"iframe-text\">Estimer maintenant votre bien immobilier<\/div><iframe id=\"estimer\" src=\"https:\/\/www.immobilierlocal.ch\/estimer?iframe=1\" frameborder=\"0\" loading=\"lazy\" width=\"100%\" height=\"1000\" style=\"overflow-x:hidden;\" referrerpolicy=\"no-referrer-when-downgrade\" title=\"Estimation immobili\u00e8re\"><\/iframe>\n\n\n<h2 class=\"wp-block-heading\" id=\"h-quelles-sont-les-previsions-des-prix-immobiliers\">Quelles sont les pr\u00e9visions des prix immobiliers<\/h2>\n\n\n<p>Attendez-vous \u00e0 une augmentation des co\u00fbts des logements \u00e0 Crissier ! N\u00e9anmoins, les quartiers les plus appr\u00e9ci\u00e9s de la localit\u00e9 devraient subir une hausse. Cette variation est influenc\u00e9e par de multiples param\u00e8tres tels que l&rsquo;offre, la demande et la conjoncture \u00e9conomique actuelle.<\/p>\n\n\n<h2 class=\"wp-block-heading\" id=\"h-pourquoi-les-tarifs-des-logements-a-crissier-sont-ils-si-eleves\">Pourquoi les tarifs des logements \u00e0 Crissier sont-ils si \u00e9lev\u00e9s ?<\/h2>\n\n\n<p>Les prix au m\u00b2 \u00e0 Crissier sont \u00e9lev\u00e9s en raison du pouvoir d&rsquo;achat en Suisse qui est un des plus \u00e9lev\u00e9s en Occident, cela favorise des co\u00fbts plus importants. Cependant, il est encore possible de trouver des logements \u00e0 des tarifs abordables \u00e0 Crissier, notamment si vous souhaitez acheter un bien immobilier aux alentours de Crissier.&nbsp;<\/p>\n\n\n<h2 class=\"wp-block-heading\" id=\"h-l-avenir-des-prix-de-l-immobilier-a-crissier\"><b>L&rsquo;avenir des prix de l&rsquo;immobilier \u00e0 Crissier<\/b><\/h2>\n\n<div class=\"estimates-price-growth\">Les principaux cantons romands, plus pr\u00e9cis\u00e9ment la r\u00e9gion l\u00e9manique regroupent de grandes entreprises et la finance internationale, avec une demande immobili\u00e8re en constante hausse, \u00e9galement pour les biens d\u2019exceptions.\n            Les prix de l\u2019immobilier r\u00e9sidentiel ont connu une croissance soutenue durant ces cinq derni\u00e8res ann\u00e9es, soit\u00a0:<h3>L\u2019\u00e9volution du march\u00e9 en % pour les appartements en propri\u00e9t\u00e9 (PPE)<\/h3><ul>\n            <li>Commune urbaine (grande agglom\u00e9ration) est \u00e9gale \u00e0 22.4 %<\/li>\n            <li>Commune urbaine (petite agglom\u00e9ration) est \u00e9quivalente \u00e0 18.4 %<\/li>\n            <li>Commune interm\u00e9diaire se situe aux alentours de 22.6 %<\/li>\n            <li>Commune rurale est d\u2019environ 21.9 %<\/li>\n        <\/ul><h3>La variation du march\u00e9 en % pour les maisons individuelles<\/h3><ul>\n            <li>Commune urbaine (grande agglom\u00e9ration) est \u00e9gale \u00e0 21.4 %<\/li>\n            <li>Commune urbaine (petite agglom\u00e9ration) est \u00e9quivalente \u00e0 28.4 %<\/li>\n            <li>Commune interm\u00e9diaire se situe aux alentours de 21.8 %<\/li>\n            <li>Commune rurale est d\u2019environ 20.4 %<\/li>\n        <\/ul><h3>La variation du march\u00e9 en % pour le prochain trimestre<\/h3><p>Pour la p\u00e9riode suivante, les prix devraient \u00e9voluer de 1.63 % en moyenne.<\/p><\/div>\n\n\n<h2 class=\"wp-block-heading\" id=\"h-comment-sont-fixes-les-prix-des-proprietes-immobilieres-a-crissier\">Comment sont fix\u00e9s les prix des propri\u00e9t\u00e9s immobili\u00e8res \u00e0 Crissier ?<\/h2>\n\n\n<p>Plusieurs facteurs influencent la valeur des propri\u00e9t\u00e9s \u00e0 Crissier. Que vous recherchiez une maison ou un studio, il est capital de vous informer \u00e0 l&rsquo;avance pour avoir une id\u00e9e de la valeur.<\/p>\n\n\n<h3 class=\"wp-block-heading\" id=\"h-les-facteurs-qui-determinent-le-prix-au-m2-d-un-appartement-a-crissier\">Les facteurs qui d\u00e9terminent le prix au m2 d&rsquo;un appartement \u00e0 Crissier :<\/h3>\n\n\n<ul class=\"wp-block-list\">\n<li>Un ext\u00e9rieur : poss\u00e9der un balcon ou une terrasse am\u00e9liore la valeur de votre propri\u00e9t\u00e9 immobili\u00e8re et permet de vendre \u00e0 un prix plus haut.<\/li>\n\n\n\n<li>Le stationnement : si vous habitez dans le coeur de ville, disposer d&rsquo;un garage couvert, d&rsquo;une place de stationnement ext\u00e9rieure ou d&rsquo;un abri \u00e0 votre disposition est un plus lors des n\u00e9gociations.<\/li>\n\n\n\n<li>Appartement en \u00e9tage ou rez-de-chauss\u00e9e : un studio \u00e0 l&rsquo;\u00e9tage offre davantage de luminosit\u00e9 et moins de perturbations li\u00e9es au passage des locataires (comme le bruit). Un logement au rez-de-chauss\u00e9e offre l&rsquo;avantage d&rsquo;\u00eatre g\u00e9n\u00e9ralement moins cher.<\/li>\n\n\n\n<li>Les frais de copropri\u00e9t\u00e9 : dans le cas d&rsquo;un logement en (PPE), les charges de copropri\u00e9t\u00e9 peuvent obliger les vendeurs \u00e0 diminuer le prix de la transaction pour s&rsquo;aligner au prix du march\u00e9 local.<\/li>\n<\/ul>\n\n\n<h3 class=\"wp-block-heading\" id=\"h-les-criteres-qui-impactent-la-valeur-venale-d-un-logement-a-crissier\">Les crit\u00e8res qui impactent la valeur v\u00e9nale d&rsquo;un logement \u00e0 Crissier<\/h3>\n\n\n<ul class=\"wp-block-list\">\n<li>Les extensions : elles augmentent la surface habitable et donc le prix du bien immobilier, les agrandissements peuvent \u00eatre : des combles am\u00e9nag\u00e9s, une v\u00e9randa, une cave ou une pergola<\/li>\n\n\n\n<li>Le type de construction : une r\u00e9sidence individuelle a plus de valeur compar\u00e9e \u00e0 une maison qui est adjacente ou jumel\u00e9e.<\/li>\n\n\n\n<li>L&rsquo;espace disponible et l&rsquo;agencement du jardin : renforcez la valeur de votre r\u00e9sidence en fixant une cl\u00f4ture ou un brise-vue.<\/li>\n\n\n\n<li>Villa avec garage : un garage conf\u00e9rera une vraie plus-value \u00e0 votre habitation (la valeur sera plus haute en fonction qu&rsquo;il soit couvert, simple, double et du degr\u00e9 de s\u00e9curit\u00e9).<\/li>\n\n\n\n<li>Demeure avec piscine : avoir une piscine en dur gonflera la valeur v\u00e9nale du bien.<\/li>\n<\/ul>\n\n\n<h2 class=\"wp-block-heading\" id=\"h-voici-les-facteurs-qui-permettent-d-etablir-le-cout-au-m2-d-un-loyer-a-crissier\">Voici, les facteurs qui permettent d&rsquo;\u00e9tablir le co\u00fbt au m2 d&rsquo;un loyer \u00e0 Crissier :<\/h2>\n\n\n<ul class=\"wp-block-list\">\n<li>La date de construction : si le bien est neuf, le co\u00fbt du loyer par m\u00e8tre carr\u00e9 sera plus haut que celui d&rsquo;un bien n\u00e9cessitant un rafraichissement.<\/li>\n\n\n\n<li>L&#8217;emplacement de la propri\u00e9t\u00e9 : en fonction de l&#8217;emplacement, le montant au m\u00b2 varie, il y a des secteurs plus pris\u00e9s et ais\u00e9s que d&rsquo;autres.<\/li>\n\n\n\n<li>Le march\u00e9 \u00e9conomique : les prix des logements changent en fonction de l&rsquo;offre et de l&rsquo;\u00e9tat du march\u00e9 du logement. Si le nombre de domiciles inoccup\u00e9s \u00e0 la location baisse, les loyers remontent.<\/li>\n<\/ul>\n\n\n<h2 class=\"wp-block-heading\" id=\"h-de-quelle-facon-expliquer-les-fluctuations-des-prix-des-biens-immobiliers-a-crissier\">De quelle fa\u00e7on expliquer les fluctuations des prix des biens immobiliers \u00e0 Crissier ?<\/h2>\n\n\n<p>Le nombre d&rsquo;acheteurs et les biens immobiliers libres : si le nombre d&rsquo;acheteurs est grand et que les studios sont rares sur le march\u00e9, les prix de l&rsquo;immobilier croissent.<\/p>\n\n\n\n<p>La position du logement \u00e0 Crissier : le calme de l&rsquo;endroit, le nombre de petites entreprises, le nombre d&rsquo;autoroutes, la proximit\u00e9 des arr\u00eats de bus participent \u00e0 l&rsquo;augmentation du prix des propri\u00e9t\u00e9s<\/p>\n\n\n\n<p>Les r\u00e9novations et travaux d&rsquo;\u00e9conomie d&rsquo;\u00e9nergie : avoir effectu\u00e9 des travaux de r\u00e9novations \u00e9nerg\u00e9tiques pour conserver de l&rsquo;\u00e9nergie et diminuer les \u00e9missions de gaz \u00e0 effet de serre. Si votre habitation implique des restaurations pour \u00eatre logeable et qu&rsquo;elle n&rsquo;a pas \u00e9t\u00e9 r\u00e9nov\u00e9e au cours du temps, l&rsquo;acqu\u00e9reur peut faire une offre inf\u00e9rieure au prix du march\u00e9 pour r\u00e9aliser les travaux futurs.<\/p>\n\n\n\n<p>Le tissu \u00e9conomique : la progression des prix de l&rsquo;immobilier \u00e0 Crissier est influenc\u00e9e par le tissu \u00e9conomique, en particulier : le nombre de soci\u00e9t\u00e9s, le march\u00e9 du travail, la qualit\u00e9 des finances publiques et les tensions \u00e9conomiques. Par exemple, si les vendeurs pr\u00e9voient une mont\u00e9e des montants imputable au contexte social et \u00e9conomique, les propri\u00e9taires peuvent temporiser la vente de leurs appartements, ce qui entra\u00eene une hausse des co\u00fbts et une contraction des transactions. Cette relation entre les \u00e9l\u00e9ments \u00e9conomiques et les ventes immobili\u00e8res impacte directement la valeur immobili\u00e8re.<\/p>\n\n\n\n<p>La croissance d\u00e9mographique : L&rsquo;effet de la d\u00e9mographie sur la demande de maisons est math\u00e9matique. Quand la d\u00e9mographie cro\u00eet plus rapidement que le nombre d&rsquo;appartements, en r\u00e9actions, il y a une augmentation de la valeur des biens immobiliers.<\/p>\n\n\n\n<p>Les r\u00e8gles : les normes permettent d&rsquo;augmenter ou de limiter le nombre de nouveaux appartements et en cons\u00e9quence de faire baisser les co\u00fbts ( de plus en plus de studios disponibles sur le march\u00e9 entra\u00eeneront une baisse des prix des logements).<\/p>\n\n\n\n<p>L&rsquo;augmentation des prix : l&rsquo;inflation est une baisse du poids de la monnaie, si la valeur de la monnaie diminue, alors le montant des habitations sera davantage important.<\/p>\n\n\n\n<p>Les conditions pour obtenir un cr\u00e9dit pour votre domicile : si les conditions bancaires sont bonnes, les acqu\u00e9reurs auront un pouvoir d&rsquo;achat renforc\u00e9. Dans ces circonstances, les prix augmenteront si l&rsquo;offre immobili\u00e8re ne suit pas la demande. D&rsquo;autres \u00e9l\u00e9ments, comme : les taxes, le taux d&rsquo;\u00e9pargne, influent aussi les prix logements \u00e0 Crissier.<\/p>\n\n\n<h2 class=\"wp-block-heading\" id=\"h-pourquoi-il-faut-avoir-une-idee-des-tarifs-des-biens-a-crissier\">Pourquoi il faut avoir une id\u00e9e des tarifs des biens \u00e0 Crissier ?<\/h2>\n\n\n<p>Si vous pr\u00e9voyez d&rsquo;investir ou de louer un logement \u00e0 Crissier, il est utile de se faire une id\u00e9e des montants des logements et de suivre l&rsquo;\u00e9volution des prix. Vous pouvez alors estimer avec justesse la valeur d&rsquo;un appartement avant de l&rsquo;acheter ou de le vendre.<\/p>\n\n\n<h2 class=\"wp-block-heading\" id=\"h-de-quelle-maniere-estimer-precisement-le-prix-d-un-appartement-ou-d-une-maison-a-crissier\">De quelle mani\u00e8re estimer pr\u00e9cis\u00e9ment le prix d&rsquo;un appartement ou d&rsquo;une maison \u00e0 Crissier ?<\/h2>\n\n\n<ul class=\"wp-block-list\">\n<li>Servez-vous d&rsquo;un software d&rsquo;estimation immobili\u00e8re pour \u00e9valuer pr\u00e9cis\u00e9ment votre bien.<\/li>\n\n\n\n<li>Vous pouvez faire appel \u00e0 un expert ou une soci\u00e9t\u00e9 dans votre canton.<\/li>\n<\/ul>\n\n\n\n<p>Les deux choix possibles ont des avantages et des inconv\u00e9nients, quoi qu&rsquo;il en soit, elles vous aident \u00e0 d\u00e9terminer la valeur de votre logement et ainsi la vendre au tarif le plus juste.<\/p>\n\n\n<h2 class=\"wp-block-heading\" id=\"h-avec-l-aide-de-notre-outil-en-ligne\">Avec l&rsquo;aide de notre outil en ligne<\/h2>\n\n\n<p>Obtenez la valeur de votre appartement en seulement quelques minutes avec notre logiciel d&rsquo;estimation en ligne gratuit. En uniquement 5 minutes, vous recevez un prix pr\u00e9cis de votre studio ou de votre maison \u00e0 Crissier.<\/p>\n\n\n\n<p>Pour recevoir une estimation pr\u00e9cise du montant, vous devez fournir les \u00e9l\u00e9ments de votre propri\u00e9t\u00e9 comme :<\/p>\n\n\n\n<ul class=\"wp-block-list\">\n<li>La position de votre domicile.<\/li>\n\n\n\n<li>La superficie ext\u00e9rieure et int\u00e9rieure.<\/li>\n\n\n\n<li>La qualit\u00e9 des alentours.<\/li>\n\n\n\n<li>La qualit\u00e9 des transports \u00e0 proximit\u00e9.<\/li>\n\n\n\n<li>Les diff\u00e9rentes r\u00e9novations accomplies dans votre habitation.<\/li>\n\n\n\n<li>La localit\u00e9.<\/li>\n\n\n\n<li>Le nombre de chambres et de m\u00e8tres carr\u00e9s.<\/li>\n\n\n\n<li>Le stationnement ext\u00e9rieur et\/ou int\u00e9rieur utilisable.<\/li>\n\n\n\n<li>L&rsquo;ann\u00e9e de construction.<\/li>\n\n\n\n<li>Les atouts de votre logement (terrasse, balcon, jardin, parking\u2026).<\/li>\n\n\n\n<li>Le prix du capital de r\u00e9novation de la propri\u00e9t\u00e9 par \u00e9tages (PPE).<\/li>\n\n\n\n<li>L\u2019\u00e9tat global de votre appartement.<\/li>\n<\/ul>\n\n\n<h3 class=\"wp-block-heading\" id=\"h-expertise-d-une-propriete-immobiliere-effectuee-par-un-agent-immobilier-a-crissier\">Expertise d&rsquo;une propri\u00e9t\u00e9 immobili\u00e8re effectu\u00e9e par un agent immobilier \u00e0 Crissier<\/h3>\n\n\n<p>Dans le but de d\u00e9terminer de mani\u00e8re pr\u00e9cise le montant d&rsquo;un logement ou d&rsquo;une habitation \u00e0 Crissier, il est n\u00e9cessaire de s&rsquo;adresser \u00e0 un agent immobilier \u00e0 Crissier. Notre entreprise compos\u00e9e de professionnels exp\u00e9riment\u00e9s mettra \u00e0 profit ses connaissances pour r\u00e9aliser l&rsquo;\u00e9valuation de votre bien.<\/p>\n\n\n\n<p>Que ce soit une maison, un studio, un terrain ou non constructible, ou un b\u00e2timent, nous poss\u00e9dons le savoir-faire n\u00e9cessaire pour \u00e9valuer le montant d&rsquo;un bien en prenant en compte ses caract\u00e9ristiques et le prix du march\u00e9 du logement.<\/p>\n\n\n\n<p>Pour d\u00e9finir correctement le prix de votre logement ou de votre habitation \u00e0 Crissier. Nous analysons tous vos documents comme : le plan cadastral, votre registre foncier, les plans du constructeur afin de vous livrer un compte rendu d&rsquo;\u00e9valuation complet.<\/p>\n\r\n\n\r<p>L&rsquo;\u00e9volution est similaire dans les villes proches, telles que :<\/p>\r\r\n\nJouxtens-M\u00e9zery, Prilly, Renens VD.\n","protected":false},"excerpt":{"rendered":"<p>Le prix immobilier moyen au m\u00b2 \u00e0 Crissier Le loyer mensuel moyen \u00e0 Crissier L&rsquo;\u00e9volution du prix \u00e0 Crissier Quelles sont les pr\u00e9visions des prix immobiliers Attendez-vous \u00e0 une augmentation des co\u00fbts des logements \u00e0 Crissier ! N\u00e9anmoins, les quartiers les plus appr\u00e9ci\u00e9s de la localit\u00e9 devraient subir une hausse. Cette variation est influenc\u00e9e par [&hellip;]<\/p>\n","protected":false},"author":3,"featured_media":1851,"parent":1099,"menu_order":0,"comment_status":"closed","ping_status":"closed","template":"","meta":{"footnotes":""},"categories":[83],"profession":[],"location":[20],"canton":[],"class_list":["post-1081","page","type-page","status-publish","has-post-thumbnail","hentry","category-evolution"],"yoast_head":"<!-- This site is optimized with the Yoast SEO Premium plugin v23.0 (Yoast SEO v27.4) - https:\/\/yoast.com\/product\/yoast-seo-premium-wordpress\/ -->\n<title>\u00c9volution des prix de l&#039;immobilier \u00e0 Crissier en 2026 - Immobilierlocal<\/title>\n<meta name=\"description\" content=\"D\u00e9couvrez le Prix moyen au m\u00b2 \u00e0 Crissier en mai 2026 \u2705 Estimation gratuite de votre bien \u2705 Derni\u00e8res \u00e9volutions du march\u00e9.\" \/>\n<meta name=\"robots\" content=\"index, follow, max-snippet:-1, max-image-preview:large, max-video-preview:-1\" \/>\n<link rel=\"canonical\" href=\"https:\/\/www.immobilierlocal.ch\/c\/evolution-des-prix-de-limmobilier-canton-vaud\/evolution-des-prix-de-limmobilier-a-crissier\/\" \/>\n<meta property=\"og:locale\" content=\"fr_FR\" \/>\n<meta property=\"og:type\" content=\"article\" \/>\n<meta property=\"og:title\" content=\"\u00c9volution des prix de l&#039;immobilier \u00e0 Crissier en 2026\" \/>\n<meta property=\"og:description\" content=\"D\u00e9couvrez le Prix moyen au m\u00b2 \u00e0 Crissier en mai 2026 \u2705 Estimation gratuite de votre bien \u2705 Derni\u00e8res \u00e9volutions du march\u00e9.\" \/>\n<meta property=\"og:url\" content=\"https:\/\/www.immobilierlocal.ch\/c\/evolution-des-prix-de-limmobilier-canton-vaud\/evolution-des-prix-de-limmobilier-a-crissier\/\" \/>\n<meta property=\"og:site_name\" content=\"Immobilierlocal\" \/>\n<meta property=\"article:modified_time\" content=\"2024-08-05T18:11:52+00:00\" \/>\n<meta property=\"og:image\" content=\"https:\/\/www.immobilierlocal.ch\/c\/wp-content\/uploads\/2023\/12\/evolution-des-prix-de-limmobilier-a-crissier-scaled.jpg\" \/>\n\t<meta property=\"og:image:width\" content=\"2560\" \/>\n\t<meta property=\"og:image:height\" content=\"817\" \/>\n\t<meta property=\"og:image:type\" content=\"image\/jpeg\" \/>\n<meta name=\"twitter:card\" content=\"summary_large_image\" \/>\n<meta name=\"twitter:label1\" content=\"Dur\u00e9e de lecture estim\u00e9e\" \/>\n\t<meta name=\"twitter:data1\" content=\"7 minutes\" \/>\n<script type=\"application\/ld+json\" class=\"yoast-schema-graph\">{\"@context\":\"https:\\\/\\\/schema.org\",\"@graph\":[{\"@type\":\"WebPage\",\"@id\":\"https:\\\/\\\/www.immobilierlocal.ch\\\/c\\\/evolution-des-prix-de-limmobilier-canton-vaud\\\/evolution-des-prix-de-limmobilier-a-crissier\\\/\",\"url\":\"https:\\\/\\\/www.immobilierlocal.ch\\\/c\\\/evolution-des-prix-de-limmobilier-canton-vaud\\\/evolution-des-prix-de-limmobilier-a-crissier\\\/\",\"name\":\"\u00c9volution des prix de l'immobilier \u00e0 Crissier en 2026 - Immobilierlocal\",\"isPartOf\":{\"@id\":\"https:\\\/\\\/www.immobilierlocal.ch\\\/c\\\/#website\"},\"primaryImageOfPage\":{\"@id\":\"https:\\\/\\\/www.immobilierlocal.ch\\\/c\\\/evolution-des-prix-de-limmobilier-canton-vaud\\\/evolution-des-prix-de-limmobilier-a-crissier\\\/#primaryimage\"},\"image\":{\"@id\":\"https:\\\/\\\/www.immobilierlocal.ch\\\/c\\\/evolution-des-prix-de-limmobilier-canton-vaud\\\/evolution-des-prix-de-limmobilier-a-crissier\\\/#primaryimage\"},\"thumbnailUrl\":\"https:\\\/\\\/www.immobilierlocal.ch\\\/c\\\/wp-content\\\/uploads\\\/2023\\\/12\\\/evolution-des-prix-de-limmobilier-a-crissier-scaled.jpg\",\"datePublished\":\"2023-12-15T19:37:28+00:00\",\"dateModified\":\"2024-08-05T18:11:52+00:00\",\"breadcrumb\":{\"@id\":\"https:\\\/\\\/www.immobilierlocal.ch\\\/c\\\/evolution-des-prix-de-limmobilier-canton-vaud\\\/evolution-des-prix-de-limmobilier-a-crissier\\\/#breadcrumb\"},\"inLanguage\":\"fr-FR\",\"potentialAction\":[{\"@type\":\"ReadAction\",\"target\":[\"https:\\\/\\\/www.immobilierlocal.ch\\\/c\\\/evolution-des-prix-de-limmobilier-canton-vaud\\\/evolution-des-prix-de-limmobilier-a-crissier\\\/\"]}]},{\"@type\":\"ImageObject\",\"inLanguage\":\"fr-FR\",\"@id\":\"https:\\\/\\\/www.immobilierlocal.ch\\\/c\\\/evolution-des-prix-de-limmobilier-canton-vaud\\\/evolution-des-prix-de-limmobilier-a-crissier\\\/#primaryimage\",\"url\":\"https:\\\/\\\/www.immobilierlocal.ch\\\/c\\\/wp-content\\\/uploads\\\/2023\\\/12\\\/evolution-des-prix-de-limmobilier-a-crissier-scaled.jpg\",\"contentUrl\":\"https:\\\/\\\/www.immobilierlocal.ch\\\/c\\\/wp-content\\\/uploads\\\/2023\\\/12\\\/evolution-des-prix-de-limmobilier-a-crissier-scaled.jpg\",\"width\":2560,\"height\":817,\"caption\":\"\u00c9volution des prix de l'immobilier \u00e0 Crissier\"},{\"@type\":\"BreadcrumbList\",\"@id\":\"https:\\\/\\\/www.immobilierlocal.ch\\\/c\\\/evolution-des-prix-de-limmobilier-canton-vaud\\\/evolution-des-prix-de-limmobilier-a-crissier\\\/#breadcrumb\",\"itemListElement\":[{\"@type\":\"ListItem\",\"position\":1,\"name\":\"Accueil\",\"item\":\"https:\\\/\\\/www.immobilierlocal.ch\\\/c\\\/\"},{\"@type\":\"ListItem\",\"position\":2,\"name\":\"\u00c9volution des prix de l&rsquo;immobilier dans le canton de Vaud en 2025\",\"item\":\"https:\\\/\\\/www.immobilierlocal.ch\\\/c\\\/evolution-des-prix-de-limmobilier-canton-vaud\\\/\"},{\"@type\":\"ListItem\",\"position\":3,\"name\":\"\u00c9volution des prix de l&rsquo;immobilier \u00e0 Crissier en 2025\"}]},{\"@type\":\"WebSite\",\"@id\":\"https:\\\/\\\/www.immobilierlocal.ch\\\/c\\\/#website\",\"url\":\"https:\\\/\\\/www.immobilierlocal.ch\\\/c\\\/\",\"name\":\"Immobilierlocal\",\"description\":\"\",\"publisher\":{\"@id\":\"https:\\\/\\\/www.immobilierlocal.ch\\\/c\\\/#organization\"},\"potentialAction\":[{\"@type\":\"SearchAction\",\"target\":{\"@type\":\"EntryPoint\",\"urlTemplate\":\"https:\\\/\\\/www.immobilierlocal.ch\\\/c\\\/?s={search_term_string}\"},\"query-input\":{\"@type\":\"PropertyValueSpecification\",\"valueRequired\":true,\"valueName\":\"search_term_string\"}}],\"inLanguage\":\"fr-FR\"},{\"@type\":\"Organization\",\"@id\":\"https:\\\/\\\/www.immobilierlocal.ch\\\/c\\\/#organization\",\"name\":\"Immobilierlocal\",\"url\":\"https:\\\/\\\/www.immobilierlocal.ch\\\/c\\\/\",\"logo\":{\"@type\":\"ImageObject\",\"inLanguage\":\"fr-FR\",\"@id\":\"https:\\\/\\\/www.immobilierlocal.ch\\\/c\\\/#\\\/schema\\\/logo\\\/image\\\/\",\"url\":\"https:\\\/\\\/www.immobilierlocal.ch\\\/c\\\/wp-content\\\/uploads\\\/2023\\\/10\\\/logo-immobilierlocal-h.svg\",\"contentUrl\":\"https:\\\/\\\/www.immobilierlocal.ch\\\/c\\\/wp-content\\\/uploads\\\/2023\\\/10\\\/logo-immobilierlocal-h.svg\",\"caption\":\"Immobilierlocal\"},\"image\":{\"@id\":\"https:\\\/\\\/www.immobilierlocal.ch\\\/c\\\/#\\\/schema\\\/logo\\\/image\\\/\"}}]}<\/script>\n<!-- \/ Yoast SEO Premium plugin. -->","yoast_head_json":{"title":"\u00c9volution des prix de l'immobilier \u00e0 Crissier en 2026 - Immobilierlocal","description":"D\u00e9couvrez le Prix moyen au m\u00b2 \u00e0 Crissier en mai 2026 \u2705 Estimation gratuite de votre bien \u2705 Derni\u00e8res \u00e9volutions du march\u00e9.","robots":{"index":"index","follow":"follow","max-snippet":"max-snippet:-1","max-image-preview":"max-image-preview:large","max-video-preview":"max-video-preview:-1"},"canonical":"https:\/\/www.immobilierlocal.ch\/c\/evolution-des-prix-de-limmobilier-canton-vaud\/evolution-des-prix-de-limmobilier-a-crissier\/","og_locale":"fr_FR","og_type":"article","og_title":"\u00c9volution des prix de l'immobilier \u00e0 Crissier en 2026","og_description":"D\u00e9couvrez le Prix moyen au m\u00b2 \u00e0 Crissier en mai 2026 \u2705 Estimation gratuite de votre bien \u2705 Derni\u00e8res \u00e9volutions du march\u00e9.","og_url":"https:\/\/www.immobilierlocal.ch\/c\/evolution-des-prix-de-limmobilier-canton-vaud\/evolution-des-prix-de-limmobilier-a-crissier\/","og_site_name":"Immobilierlocal","article_modified_time":"2024-08-05T18:11:52+00:00","og_image":[{"width":2560,"height":817,"url":"https:\/\/www.immobilierlocal.ch\/c\/wp-content\/uploads\/2023\/12\/evolution-des-prix-de-limmobilier-a-crissier-scaled.jpg","type":"image\/jpeg"}],"twitter_card":"summary_large_image","twitter_misc":{"Dur\u00e9e de lecture estim\u00e9e":"7 minutes"},"schema":{"@context":"https:\/\/schema.org","@graph":[{"@type":"WebPage","@id":"https:\/\/www.immobilierlocal.ch\/c\/evolution-des-prix-de-limmobilier-canton-vaud\/evolution-des-prix-de-limmobilier-a-crissier\/","url":"https:\/\/www.immobilierlocal.ch\/c\/evolution-des-prix-de-limmobilier-canton-vaud\/evolution-des-prix-de-limmobilier-a-crissier\/","name":"\u00c9volution des prix de l'immobilier \u00e0 Crissier en 2026 - Immobilierlocal","isPartOf":{"@id":"https:\/\/www.immobilierlocal.ch\/c\/#website"},"primaryImageOfPage":{"@id":"https:\/\/www.immobilierlocal.ch\/c\/evolution-des-prix-de-limmobilier-canton-vaud\/evolution-des-prix-de-limmobilier-a-crissier\/#primaryimage"},"image":{"@id":"https:\/\/www.immobilierlocal.ch\/c\/evolution-des-prix-de-limmobilier-canton-vaud\/evolution-des-prix-de-limmobilier-a-crissier\/#primaryimage"},"thumbnailUrl":"https:\/\/www.immobilierlocal.ch\/c\/wp-content\/uploads\/2023\/12\/evolution-des-prix-de-limmobilier-a-crissier-scaled.jpg","datePublished":"2023-12-15T19:37:28+00:00","dateModified":"2024-08-05T18:11:52+00:00","breadcrumb":{"@id":"https:\/\/www.immobilierlocal.ch\/c\/evolution-des-prix-de-limmobilier-canton-vaud\/evolution-des-prix-de-limmobilier-a-crissier\/#breadcrumb"},"inLanguage":"fr-FR","potentialAction":[{"@type":"ReadAction","target":["https:\/\/www.immobilierlocal.ch\/c\/evolution-des-prix-de-limmobilier-canton-vaud\/evolution-des-prix-de-limmobilier-a-crissier\/"]}]},{"@type":"ImageObject","inLanguage":"fr-FR","@id":"https:\/\/www.immobilierlocal.ch\/c\/evolution-des-prix-de-limmobilier-canton-vaud\/evolution-des-prix-de-limmobilier-a-crissier\/#primaryimage","url":"https:\/\/www.immobilierlocal.ch\/c\/wp-content\/uploads\/2023\/12\/evolution-des-prix-de-limmobilier-a-crissier-scaled.jpg","contentUrl":"https:\/\/www.immobilierlocal.ch\/c\/wp-content\/uploads\/2023\/12\/evolution-des-prix-de-limmobilier-a-crissier-scaled.jpg","width":2560,"height":817,"caption":"\u00c9volution des prix de l'immobilier \u00e0 Crissier"},{"@type":"BreadcrumbList","@id":"https:\/\/www.immobilierlocal.ch\/c\/evolution-des-prix-de-limmobilier-canton-vaud\/evolution-des-prix-de-limmobilier-a-crissier\/#breadcrumb","itemListElement":[{"@type":"ListItem","position":1,"name":"Accueil","item":"https:\/\/www.immobilierlocal.ch\/c\/"},{"@type":"ListItem","position":2,"name":"\u00c9volution des prix de l&rsquo;immobilier dans le canton de Vaud en 2025","item":"https:\/\/www.immobilierlocal.ch\/c\/evolution-des-prix-de-limmobilier-canton-vaud\/"},{"@type":"ListItem","position":3,"name":"\u00c9volution des prix de l&rsquo;immobilier \u00e0 Crissier en 2025"}]},{"@type":"WebSite","@id":"https:\/\/www.immobilierlocal.ch\/c\/#website","url":"https:\/\/www.immobilierlocal.ch\/c\/","name":"Immobilierlocal","description":"","publisher":{"@id":"https:\/\/www.immobilierlocal.ch\/c\/#organization"},"potentialAction":[{"@type":"SearchAction","target":{"@type":"EntryPoint","urlTemplate":"https:\/\/www.immobilierlocal.ch\/c\/?s={search_term_string}"},"query-input":{"@type":"PropertyValueSpecification","valueRequired":true,"valueName":"search_term_string"}}],"inLanguage":"fr-FR"},{"@type":"Organization","@id":"https:\/\/www.immobilierlocal.ch\/c\/#organization","name":"Immobilierlocal","url":"https:\/\/www.immobilierlocal.ch\/c\/","logo":{"@type":"ImageObject","inLanguage":"fr-FR","@id":"https:\/\/www.immobilierlocal.ch\/c\/#\/schema\/logo\/image\/","url":"https:\/\/www.immobilierlocal.ch\/c\/wp-content\/uploads\/2023\/10\/logo-immobilierlocal-h.svg","contentUrl":"https:\/\/www.immobilierlocal.ch\/c\/wp-content\/uploads\/2023\/10\/logo-immobilierlocal-h.svg","caption":"Immobilierlocal"},"image":{"@id":"https:\/\/www.immobilierlocal.ch\/c\/#\/schema\/logo\/image\/"}}]}},"_links":{"self":[{"href":"https:\/\/www.immobilierlocal.ch\/c\/wp-json\/wp\/v2\/pages\/1081","targetHints":{"allow":["GET"]}}],"collection":[{"href":"https:\/\/www.immobilierlocal.ch\/c\/wp-json\/wp\/v2\/pages"}],"about":[{"href":"https:\/\/www.immobilierlocal.ch\/c\/wp-json\/wp\/v2\/types\/page"}],"author":[{"embeddable":true,"href":"https:\/\/www.immobilierlocal.ch\/c\/wp-json\/wp\/v2\/users\/3"}],"replies":[{"embeddable":true,"href":"https:\/\/www.immobilierlocal.ch\/c\/wp-json\/wp\/v2\/comments?post=1081"}],"version-history":[{"count":0,"href":"https:\/\/www.immobilierlocal.ch\/c\/wp-json\/wp\/v2\/pages\/1081\/revisions"}],"up":[{"embeddable":true,"href":"https:\/\/www.immobilierlocal.ch\/c\/wp-json\/wp\/v2\/pages\/1099"}],"wp:featuredmedia":[{"embeddable":true,"href":"https:\/\/www.immobilierlocal.ch\/c\/wp-json\/wp\/v2\/media\/1851"}],"wp:attachment":[{"href":"https:\/\/www.immobilierlocal.ch\/c\/wp-json\/wp\/v2\/media?parent=1081"}],"wp:term":[{"taxonomy":"category","embeddable":true,"href":"https:\/\/www.immobilierlocal.ch\/c\/wp-json\/wp\/v2\/categories?post=1081"},{"taxonomy":"profession","embeddable":true,"href":"https:\/\/www.immobilierlocal.ch\/c\/wp-json\/wp\/v2\/profession?post=1081"},{"taxonomy":"location","embeddable":true,"href":"https:\/\/www.immobilierlocal.ch\/c\/wp-json\/wp\/v2\/location?post=1081"},{"taxonomy":"canton","embeddable":true,"href":"https:\/\/www.immobilierlocal.ch\/c\/wp-json\/wp\/v2\/canton?post=1081"}],"curies":[{"name":"wp","href":"https:\/\/api.w.org\/{rel}","templated":true}]}}