
{"id":1065,"date":"2023-12-15T20:37:28","date_gmt":"2023-12-15T19:37:28","guid":{"rendered":"https:\/\/www.immobilierlocal.ch\/c\/?page_id=1065"},"modified":"2024-08-05T20:11:40","modified_gmt":"2024-08-05T18:11:40","slug":"evolution-des-prix-de-limmobilier-a-apples","status":"publish","type":"page","link":"https:\/\/www.immobilierlocal.ch\/c\/evolution-des-prix-de-limmobilier-canton-vaud\/evolution-des-prix-de-limmobilier-a-apples\/","title":{"rendered":"\u00c9volution des prix de l&rsquo;immobilier \u00e0 Apples en 2026"},"content":{"rendered":"<h2 class=\"wp-block-heading\" id=\"h-le-prix-immobilier-moyen-au-m\u00b2-a-apples\">Le prix immobilier moyen au m\u00b2 \u00e0 Apples<\/h2>\n\n<p class=\"estimates-price-immobilier\">Le march\u00e9 immobilier \u00e0 Apples affiche un prix moyen de CHF 6'925 \/ m\u00b2 (prix par m\u00e8tre carr\u00e9). Les maisons et les appartements ont un prix moyen respectif de CHF 6'471 \/ m\u00b2 et de CHF 7'378 \/ m\u00b2.<\/p>\n\n\n<h2 class=\"wp-block-heading\" id=\"h-le-loyer-mensuel-moyen-a-apples\">Le loyer mensuel moyen \u00e0 Apples<\/h2>\n\n<p class=\"estimates-rent-average\">Les loyers moyens \u00e0 Apples sont actuellement de CHF 1'989 pour les appartements, CHF 2'309 pour les maisons.<\/p>\n\n\n<h2 class=\"wp-block-heading\" id=\"h-l-evolution-du-prix-a-apples\">L&rsquo;\u00e9volution du prix \u00e0 Apples<\/h2>\n\n<p class=\"estimates-price-evolution\">Le prix de l'immobilier \u00e0 Apples au cours du 4<sup>\u00e8me<\/sup> trimestre 2025 a vari\u00e9 d'environ 1.1%.<\/p>\n\n\n<div class=\"iframe-text\">Estimer maintenant votre bien immobilier<\/div><iframe id=\"estimer\" src=\"https:\/\/www.immobilierlocal.ch\/estimer?iframe=1\" frameborder=\"0\" loading=\"lazy\" width=\"100%\" height=\"1000\" style=\"overflow-x:hidden;\" referrerpolicy=\"no-referrer-when-downgrade\" title=\"Estimation immobili\u00e8re\"><\/iframe>\n\n\n<h2 class=\"wp-block-heading\" id=\"h-quels-sont-les-prix-immobiliers-prevus-en-2025-a-apples\">Quels sont les prix immobiliers pr\u00e9vus en 2025 \u00e0 Apples ?<\/h2>\n\n\n<p>Attendez-vous \u00e0 une pouss\u00e9e des montants des biens immobiliers \u00e0 Apples ! N\u00e9anmoins, les quartiers les plus recherch\u00e9s de la ville devraient conna\u00eetre une augmentation. Cette \u00e9volution est influenc\u00e9e par de multiples param\u00e8tres tels que l&rsquo;offre, la demande et la situation \u00e9conomique actuelle.<\/p>\n\n\n<h2 class=\"wp-block-heading\" id=\"h-pourquoi-les-biens-immobiliers-a-apples-sont-ils-si-couteux-quelles-sont-les-causes-qui-expliquent-ces-prix-de-ventes-si-hauts\">Pourquoi les biens immobiliers \u00e0 Apples sont-ils si co\u00fbteux ? Quelles sont les causes qui expliquent ces prix de ventes si hauts ?<\/h2>\n\n\n<p>La valeur du m\u00b2 \u00e0 Apples est \u00e9lev\u00e9e parce que le niveau de vie en Suisse est parmi un des plus hauts en Occident, ce qui a pour cons\u00e9quence de cr\u00e9er des couts plus \u00e9lev\u00e9s pour acqu\u00e9rir les logements. En attendant, il est pour l&rsquo;instant possible de trouver de bonnes affaires, en particulier si vous souhaitez acqu\u00e9rir un bien immobilier en p\u00e9riph\u00e9rie.&nbsp;<\/p>\n\n\n<h2 class=\"wp-block-heading\" id=\"h-l-avenir-des-prix-de-l-immobilier-a-apples\"><b>L&rsquo;avenir des prix de l&rsquo;immobilier \u00e0 Apples<\/b><\/h2>\n\n<div class=\"estimates-price-growth\">Les principaux cantons romands, plus pr\u00e9cis\u00e9ment la r\u00e9gion l\u00e9manique regroupent de grandes entreprises et la finance internationale, avec une demande immobili\u00e8re en constante hausse, \u00e9galement pour les biens d\u2019exceptions.\n            Les prix de l\u2019immobilier r\u00e9sidentiel ont connu une croissance soutenue durant ces cinq derni\u00e8res ann\u00e9es, soit\u00a0:<h3>L\u2019\u00e9volution du march\u00e9 en % pour les appartements en propri\u00e9t\u00e9 (PPE)<\/h3><ul>\n            <li>Commune urbaine (grande agglom\u00e9ration) est \u00e9gale \u00e0 22.4 %<\/li>\n            <li>Commune urbaine (petite agglom\u00e9ration) est \u00e9quivalente \u00e0 18.4 %<\/li>\n            <li>Commune interm\u00e9diaire se situe aux alentours de 22.6 %<\/li>\n            <li>Commune rurale est d\u2019environ 21.9 %<\/li>\n        <\/ul><h3>La variation du march\u00e9 en % pour les maisons individuelles<\/h3><ul>\n            <li>Commune urbaine (grande agglom\u00e9ration) est \u00e9gale \u00e0 21.4 %<\/li>\n            <li>Commune urbaine (petite agglom\u00e9ration) est \u00e9quivalente \u00e0 28.4 %<\/li>\n            <li>Commune interm\u00e9diaire se situe aux alentours de 21.8 %<\/li>\n            <li>Commune rurale est d\u2019environ 20.4 %<\/li>\n        <\/ul><h3>La variation du march\u00e9 en % pour le prochain trimestre<\/h3><p>Pour la p\u00e9riode suivante, les prix devraient \u00e9voluer de 1.63 % en moyenne.<\/p><\/div>\n\n\n<h2 class=\"wp-block-heading\" id=\"h-quels-sont-les-elements-qui-affectent-le-prix-des-proprietes-a-apples\">Quels sont les \u00e9l\u00e9ments qui affectent le prix des propri\u00e9t\u00e9s \u00e0 Apples ?<\/h2>\n\n\n<p>Plusieurs facteurs influencent le prix des propri\u00e9t\u00e9s \u00e0 Apples. Que vous cherchiez une maison ou un appartement, il est essentiel de vous renseigner \u00e0 l&rsquo;avance pour avoir une id\u00e9e du prix.<\/p>\n\n\n<h3 class=\"wp-block-heading\" id=\"h-facteurs-influencant-le-prix-m\u00b2-d-un-appartement-a-apples\">Facteurs influen\u00e7ant le prix\/m\u00b2 d&rsquo;un appartement \u00e0 Apples :<\/h3>\n\n\n<ul class=\"wp-block-list\">\n<li>Un ext\u00e9rieur : poss\u00e9der une terrasse ou un balcon augmente la valeur de votre appartement et permet de vendre \u00e0 un prix plus haut.<\/li>\n\n\n\n<li>Le parking : en ville, avoir un garage couvert, une place de parking ext\u00e9rieure ou un abri priv\u00e9 est un atout de vente.<\/li>\n\n\n\n<li>Logement en \u00e9tage ou rez-de-chauss\u00e9e : un bien localis\u00e9 en \u00e9tage sera davantage lumineux et moins expos\u00e9 aux nuisances inh\u00e9rentes aux arriv\u00e9es et sorties des habitants (comme le son). Un appartement au rez-de-chauss\u00e9e pr\u00e9sente l&rsquo;avantage d&rsquo;\u00eatre habituellement moins cher.<\/li>\n\n\n\n<li>Les frais de copropri\u00e9t\u00e9 : pour les biens immobiliers en (PPE), les charges de copropri\u00e9t\u00e9 peuvent contraindre les vendeurs \u00e0 r\u00e9duire le prix de vente dans le but de s&rsquo;aligner sur le prix du march\u00e9 immobilier.<\/li>\n<\/ul>\n\n\n<h3 class=\"wp-block-heading\" id=\"h-les-parametres-qui-impactent-le-prix-au-metre-carre-d-un-appartement-a-apples\">Les param\u00e8tres qui impactent le prix au m\u00e8tre carr\u00e9 d&rsquo;un appartement \u00e0 Apples<\/h3>\n\n\n<ul class=\"wp-block-list\">\n<li>Les extensions : elles augmentent la superficie habitable et donc accroissent le prix de la propri\u00e9t\u00e9 immobili\u00e8re, les extensions peuvent \u00eatre : des combles \u00e9quip\u00e9s, une v\u00e9randa, une cave ou une pergola<\/li>\n\n\n\n<li>Le type de construction : une maison individuelle a davantage de valeur compar\u00e9e \u00e0 une habitation qui est adjacente ou jumel\u00e9e.<\/li>\n\n\n\n<li>L&rsquo;espace disponible et l&rsquo;am\u00e9nagement de l&rsquo;espace vert : avoir install\u00e9 une cl\u00f4ture ou un brise-vue valorise le prix de votre maison.<\/li>\n\n\n\n<li>R\u00e9sidence avec garage : un garage accro\u00eet la valeur de votre maison, la valeur change aussi en fonction de sa dimension, de son type (simple ou double), de sa couverture de protection et de son degr\u00e9 de s\u00fbret\u00e9.<\/li>\n\n\n\n<li>Demeure avec piscine : avoir une piscine en dur gonflera le prix du bien.<\/li>\n<\/ul>\n\n\n<h2 class=\"wp-block-heading\" id=\"h-les-facteurs-qui-influencent-le-montant-d-un-loyer-a-apples\">Les facteurs qui influencent le montant d&rsquo;un loyer \u00e0 Apples :<\/h2>\n\n\n<ul class=\"wp-block-list\">\n<li>L&rsquo;\u00e2ge de la propri\u00e9t\u00e9 : si la propri\u00e9t\u00e9 immobili\u00e8re est toute neuve, le montant du loyer au m\u00b2 sera plus important qu&rsquo;une propri\u00e9t\u00e9 ayant besoin d&rsquo;une r\u00e9novation.<\/li>\n\n\n\n<li>L&rsquo;endroit de la maison : en fonction du quartier, le co\u00fbt au m\u00b2 varie, il y a des secteurs plus cot\u00e9s et riches que d&rsquo;autres.<\/li>\n\n\n\n<li>La demande : les tarifs au m\u00b2 changent en fonction de la demande et des offres immobili\u00e8res disponibles. S&rsquo;il y a une diminution de studios vides \u00e0 la location, les montants des loyers augmentent.<\/li>\n<\/ul>\n\n\n<h2 class=\"wp-block-heading\" id=\"h-de-quelle-facon-expliquer-les-variations-des-prix-des-biens-immobiliers-a-apples\">De quelle fa\u00e7on expliquer les variations des prix des biens immobiliers \u00e0 Apples ?<\/h2>\n\n\n<p>L&rsquo;\u00e9tat du march\u00e9 immobilier et de la demande : si les demandeurs sont nombreux et que les logements sont rares sur le march\u00e9 des logements, les montants de l\u2019immobilier croissent.<\/p>\n\n\n\n<p>Les quartiers de Apples : la tranquillit\u00e9 du quartier, le nombre de moyennes entreprises, le nombre d&rsquo;autoroutes, le r\u00e9seau de transports augmentent le prix des propri\u00e9t\u00e9s<\/p>\n\n\n\n<p>Les r\u00e9novations \u00e9nerg\u00e9tiques : avoir r\u00e9alis\u00e9 des r\u00e9novations \u00e9nerg\u00e9tiques permet d&rsquo;\u00e9conomiser de l&rsquo;\u00e9nergie et diminuer les \u00e9missions toxiques pour l&rsquo;environnement. Si votre propri\u00e9t\u00e9 a \u00e9t\u00e9 n\u00e9glig\u00e9e et exige des r\u00e9novations pour \u00eatre habitable. L&rsquo;acqu\u00e9reur peut vous pr\u00e9senter une offre plus faible afin de payer les futurs travaux.<\/p>\n\n\n\n<p>Le tissu \u00e9conomique : la croissance des prix de l&rsquo;immobilier \u00e0 Apples est influenc\u00e9e par l&rsquo;\u00e9conomie, en particulier : le nombre d&rsquo;infrastructures, le nombre de jobs disponible, la qualit\u00e9 des finances publiques et les faillites d&rsquo;entreprises. Par exemple, si les propri\u00e9taires pr\u00e9voient une mont\u00e9e des co\u00fbts imputable au contexte social et \u00e9conomique, ils peuvent temporiser la vente de leurs logements, ce qui cause une augmentation des prix et une contraction des transactions. Cette connexion complexe entre les facteurs \u00e9conomiques et les transactions immobili\u00e8res affecte directement la valeur immobili\u00e8re.<\/p>\n\n\n\n<p>La d\u00e9mographie : La d\u00e9mographie affecte la demande sur les appartements. Si la population cro\u00eet plus rapidement que l&rsquo;offre, les montants des biens immobiliers augmentent.<\/p>\n\n\n\n<p>Les r\u00e9glementations : les r\u00e9glementations permettent d&rsquo;accro\u00eetre ou de diminuer le nombre total de nouvelles b\u00e2tisses et en cons\u00e9quence de faire baisser la valeur des biens (en effet, de plus en plus de studios disponibles sur le march\u00e9 immobilier provoqueront une chute des prix des logements).<\/p>\n\n\n\n<p>L\u2019inflation : l&rsquo;inflation est une chute du poids de la monnaie, si la valeur de la monnaie chute, alors le montant des biens sera davantage \u00e9lev\u00e9.<\/p>\n\n\n\n<p>Les conditions pour obtenir un pr\u00eat immobilier : si les taux de cr\u00e9dit immobilier sont avantageux, les acqu\u00e9reurs peuvent acqu\u00e9rir des biens immobiliers plus co\u00fbteux. Un autre cas de figure si le nombre des offres ne suit pas la demande, les prix risquent d&rsquo;\u00eatre revus \u00e0 la hausse. Il y a d&rsquo;autres facteurs tels que le taux d&rsquo;imposition et le taux d&rsquo;\u00e9pargne qui affectent par ailleurs les prix immobiliers \u00e0 Apples.<\/p>\n\n\n<h2 class=\"wp-block-heading\" id=\"h-quel-est-l-interet-de-faire-une-estimation-immobiliere-a-apples\">Quel est l&rsquo;int\u00e9r\u00eat de faire une estimation immobili\u00e8re \u00e0 Apples ?<\/h2>\n\n\n<p>Si vous pr\u00e9voyez d&rsquo;investir ou de mettre \u00e0 la location votre logement \u00e0 Apples, il est essentiel de conna\u00eetre la valeur de l&rsquo;immobilier et d&rsquo;observer la progression des prix. Ainsi, vous pouvez conna\u00eetre pr\u00e9cis\u00e9ment la valeur d&rsquo;une propri\u00e9t\u00e9 avant de l&rsquo;acqu\u00e9rir ou de la c\u00e9der.<\/p>\n\n\n<h2 class=\"wp-block-heading\" id=\"h-comment-connaitre-precisement-la-valeur-d-un-bien-logement-a-apples\">Comment conna\u00eetre pr\u00e9cis\u00e9ment la valeur d&rsquo;un bien logement \u00e0 Apples ?<\/h2>\n\n\n<ul class=\"wp-block-list\">\n<li>Vous pouvez employer un programme en ligne d&rsquo;estimation de biens immobiliers pour obtenir une valeur pr\u00e9cise de votre habitation.<\/li>\n\n\n\n<li>Il est possible de faire appel \u00e0 un expert ou une soci\u00e9t\u00e9 dans votre ville.<\/li>\n<\/ul>\n\n\n\n<p>Ces deux solutions vous permettent d&rsquo;estimer le montant exact de votre bien sur le march\u00e9 de l&rsquo;immobilier, et de faire le meilleur choix pour votre projet immobilier.<\/p>\n\n\n<h2 class=\"wp-block-heading\" id=\"h-avec-notre-programme-en-ligne\">Avec notre programme en ligne<\/h2>\n\n\n<p>D\u00e9couvrez le montant de votre domicile en l&rsquo;espace de quelques minutes au moyen de notre programme d&rsquo;estimation en ligne gratuit. Obtenez un montant pr\u00e9cis de votre studio ou de votre habitation \u00e0 Apples en uniquement 5 minutes.<\/p>\n\n\n\n<p>Pour calculer au mieux le prix de votre domicile, vous devez nous donner les pr\u00e9cisions suivantes :<\/p>\n\n\n\n<ul class=\"wp-block-list\">\n<li>L&rsquo;orientation de votre domicile.<\/li>\n\n\n\n<li>La surface ext\u00e9rieure et int\u00e9rieure.<\/li>\n\n\n\n<li>La qualit\u00e9 des alentours.<\/li>\n\n\n\n<li>Les transports aux environs.<\/li>\n\n\n\n<li>Les diff\u00e9rentes transformations effectu\u00e9es dans votre propri\u00e9t\u00e9.<\/li>\n\n\n\n<li>La situation g\u00e9ographique.<\/li>\n\n\n\n<li>Le nombre de chambres et de m\u00e8tres carr\u00e9s.<\/li>\n\n\n\n<li>Le parking ext\u00e9rieur et\/ou int\u00e9rieur disponible.<\/li>\n\n\n\n<li>L&rsquo;ann\u00e9e de construction.<\/li>\n\n\n\n<li>Les avantages de votre appartement (terrasse, balcon, espace vert, parking\u2026).<\/li>\n\n\n\n<li>Le prix du capital de r\u00e9novation de la propri\u00e9t\u00e9 par \u00e9tages (PPE).<\/li>\n\n\n\n<li>L\u2019\u00e9tat global de votre appartement.<\/li>\n<\/ul>\n\n\n<h3 class=\"wp-block-heading\" id=\"h-evaluation-d-une-propriete-immobiliere-faite-par-un-agent-immobilier-a-apples\">\u00c9valuation d&rsquo;une propri\u00e9t\u00e9 immobili\u00e8re faite par un agent immobilier \u00e0 Apples<\/h3>\n\n\n<p>Afin de d\u00e9terminer de fa\u00e7on pr\u00e9cise la valeur d&rsquo;un logement ou d&rsquo;une demeure \u00e0 Apples, il est indispensable de solliciter les services d&rsquo;un expert immobilier exp\u00e9riment\u00e9 \u00e0 Apples. Notre \u00e9quipe de professionnels exp\u00e9riment\u00e9s mettra \u00e0 profit ses exp\u00e9riences pour effectuer l&rsquo;\u00e9valuation de votre bien.<\/p>\n\n\n\n<p>Que ce soit une villa, un studio, un terrain constructible, ou un immeuble, nous poss\u00e9dons le savoir-faire n\u00e9cessaire pour d\u00e9terminer la valeur d&rsquo;un bien en prenant en calcul ses distinctions et le prix du march\u00e9.<\/p>\n\n\n\n<p>Pour bien d\u00e9finir le prix de votre logement ou de votre habitation \u00e0 Apples. Nous analysons tous vos papiers tels que le plan cadastral, votre registre foncier et les plans d&rsquo;architecte, afin de vous livrer un rapport d&rsquo;estimation entier.<\/p>\n\r\n\n\r<p>L&rsquo;\u00e9volution est similaire dans les villes proches, telles que :<\/p>\r\r\n\nBallens, Bi\u00e8re, Mollens VD, Berolle, Etoy, Buchillon, Allaman, Perroy, Villars-sous-Yens, Yens, Aubonne, Bougy-Villars, F\u00e9chy, Pizy, Montherod, Lavigny, St-Livres, Saubraz.\n","protected":false},"excerpt":{"rendered":"<p>Le prix immobilier moyen au m\u00b2 \u00e0 Apples Le loyer mensuel moyen \u00e0 Apples L&rsquo;\u00e9volution du prix \u00e0 Apples Quels sont les prix immobiliers pr\u00e9vus en 2025 \u00e0 Apples ? Attendez-vous \u00e0 une pouss\u00e9e des montants des biens immobiliers \u00e0 Apples ! N\u00e9anmoins, les quartiers les plus recherch\u00e9s de la ville devraient conna\u00eetre une augmentation. [&hellip;]<\/p>\n","protected":false},"author":3,"featured_media":1835,"parent":1099,"menu_order":0,"comment_status":"closed","ping_status":"closed","template":"","meta":{"footnotes":""},"categories":[83],"profession":[],"location":[40],"canton":[],"class_list":["post-1065","page","type-page","status-publish","has-post-thumbnail","hentry","category-evolution"],"yoast_head":"<!-- This site is optimized with the Yoast SEO Premium plugin v23.0 (Yoast SEO v27.4) - https:\/\/yoast.com\/product\/yoast-seo-premium-wordpress\/ -->\n<title>\u00c9volution des prix de l&#039;immobilier \u00e0 Apples en 2026 - Immobilierlocal<\/title>\n<meta name=\"description\" content=\"D\u00e9couvrez le Prix moyen au m\u00b2 \u00e0 Apples en mai 2026 \u2705 Estimation gratuite de votre bien \u2705 Derni\u00e8res \u00e9volutions du march\u00e9.\" \/>\n<meta name=\"robots\" content=\"index, follow, max-snippet:-1, max-image-preview:large, max-video-preview:-1\" \/>\n<link rel=\"canonical\" href=\"https:\/\/www.immobilierlocal.ch\/c\/evolution-des-prix-de-limmobilier-canton-vaud\/evolution-des-prix-de-limmobilier-a-apples\/\" \/>\n<meta property=\"og:locale\" content=\"fr_FR\" \/>\n<meta property=\"og:type\" content=\"article\" \/>\n<meta property=\"og:title\" content=\"\u00c9volution des prix de l&#039;immobilier \u00e0 Apples en 2026\" \/>\n<meta property=\"og:description\" content=\"D\u00e9couvrez le Prix moyen au m\u00b2 \u00e0 Apples en mai 2026 \u2705 Estimation gratuite de votre bien \u2705 Derni\u00e8res \u00e9volutions du march\u00e9.\" \/>\n<meta property=\"og:url\" content=\"https:\/\/www.immobilierlocal.ch\/c\/evolution-des-prix-de-limmobilier-canton-vaud\/evolution-des-prix-de-limmobilier-a-apples\/\" \/>\n<meta property=\"og:site_name\" content=\"Immobilierlocal\" \/>\n<meta property=\"article:modified_time\" content=\"2024-08-05T18:11:40+00:00\" \/>\n<meta property=\"og:image\" content=\"https:\/\/www.immobilierlocal.ch\/c\/wp-content\/uploads\/2023\/12\/evolution-des-prix-de-limmobilier-a-apples-scaled.jpg\" \/>\n\t<meta property=\"og:image:width\" content=\"2560\" \/>\n\t<meta property=\"og:image:height\" content=\"817\" \/>\n\t<meta property=\"og:image:type\" content=\"image\/jpeg\" \/>\n<meta name=\"twitter:card\" content=\"summary_large_image\" \/>\n<meta name=\"twitter:label1\" content=\"Dur\u00e9e de lecture estim\u00e9e\" \/>\n\t<meta name=\"twitter:data1\" content=\"7 minutes\" \/>\n<script type=\"application\/ld+json\" class=\"yoast-schema-graph\">{\"@context\":\"https:\\\/\\\/schema.org\",\"@graph\":[{\"@type\":\"WebPage\",\"@id\":\"https:\\\/\\\/www.immobilierlocal.ch\\\/c\\\/evolution-des-prix-de-limmobilier-canton-vaud\\\/evolution-des-prix-de-limmobilier-a-apples\\\/\",\"url\":\"https:\\\/\\\/www.immobilierlocal.ch\\\/c\\\/evolution-des-prix-de-limmobilier-canton-vaud\\\/evolution-des-prix-de-limmobilier-a-apples\\\/\",\"name\":\"\u00c9volution des prix de l'immobilier \u00e0 Apples en 2026 - Immobilierlocal\",\"isPartOf\":{\"@id\":\"https:\\\/\\\/www.immobilierlocal.ch\\\/c\\\/#website\"},\"primaryImageOfPage\":{\"@id\":\"https:\\\/\\\/www.immobilierlocal.ch\\\/c\\\/evolution-des-prix-de-limmobilier-canton-vaud\\\/evolution-des-prix-de-limmobilier-a-apples\\\/#primaryimage\"},\"image\":{\"@id\":\"https:\\\/\\\/www.immobilierlocal.ch\\\/c\\\/evolution-des-prix-de-limmobilier-canton-vaud\\\/evolution-des-prix-de-limmobilier-a-apples\\\/#primaryimage\"},\"thumbnailUrl\":\"https:\\\/\\\/www.immobilierlocal.ch\\\/c\\\/wp-content\\\/uploads\\\/2023\\\/12\\\/evolution-des-prix-de-limmobilier-a-apples-scaled.jpg\",\"datePublished\":\"2023-12-15T19:37:28+00:00\",\"dateModified\":\"2024-08-05T18:11:40+00:00\",\"breadcrumb\":{\"@id\":\"https:\\\/\\\/www.immobilierlocal.ch\\\/c\\\/evolution-des-prix-de-limmobilier-canton-vaud\\\/evolution-des-prix-de-limmobilier-a-apples\\\/#breadcrumb\"},\"inLanguage\":\"fr-FR\",\"potentialAction\":[{\"@type\":\"ReadAction\",\"target\":[\"https:\\\/\\\/www.immobilierlocal.ch\\\/c\\\/evolution-des-prix-de-limmobilier-canton-vaud\\\/evolution-des-prix-de-limmobilier-a-apples\\\/\"]}]},{\"@type\":\"ImageObject\",\"inLanguage\":\"fr-FR\",\"@id\":\"https:\\\/\\\/www.immobilierlocal.ch\\\/c\\\/evolution-des-prix-de-limmobilier-canton-vaud\\\/evolution-des-prix-de-limmobilier-a-apples\\\/#primaryimage\",\"url\":\"https:\\\/\\\/www.immobilierlocal.ch\\\/c\\\/wp-content\\\/uploads\\\/2023\\\/12\\\/evolution-des-prix-de-limmobilier-a-apples-scaled.jpg\",\"contentUrl\":\"https:\\\/\\\/www.immobilierlocal.ch\\\/c\\\/wp-content\\\/uploads\\\/2023\\\/12\\\/evolution-des-prix-de-limmobilier-a-apples-scaled.jpg\",\"width\":2560,\"height\":817,\"caption\":\"\u00c9volution des prix de l'immobilier \u00e0 Apples\"},{\"@type\":\"BreadcrumbList\",\"@id\":\"https:\\\/\\\/www.immobilierlocal.ch\\\/c\\\/evolution-des-prix-de-limmobilier-canton-vaud\\\/evolution-des-prix-de-limmobilier-a-apples\\\/#breadcrumb\",\"itemListElement\":[{\"@type\":\"ListItem\",\"position\":1,\"name\":\"Accueil\",\"item\":\"https:\\\/\\\/www.immobilierlocal.ch\\\/c\\\/\"},{\"@type\":\"ListItem\",\"position\":2,\"name\":\"\u00c9volution des prix de l&rsquo;immobilier dans le canton de Vaud en 2025\",\"item\":\"https:\\\/\\\/www.immobilierlocal.ch\\\/c\\\/evolution-des-prix-de-limmobilier-canton-vaud\\\/\"},{\"@type\":\"ListItem\",\"position\":3,\"name\":\"\u00c9volution des prix de l&rsquo;immobilier \u00e0 Apples en 2025\"}]},{\"@type\":\"WebSite\",\"@id\":\"https:\\\/\\\/www.immobilierlocal.ch\\\/c\\\/#website\",\"url\":\"https:\\\/\\\/www.immobilierlocal.ch\\\/c\\\/\",\"name\":\"Immobilierlocal\",\"description\":\"\",\"publisher\":{\"@id\":\"https:\\\/\\\/www.immobilierlocal.ch\\\/c\\\/#organization\"},\"potentialAction\":[{\"@type\":\"SearchAction\",\"target\":{\"@type\":\"EntryPoint\",\"urlTemplate\":\"https:\\\/\\\/www.immobilierlocal.ch\\\/c\\\/?s={search_term_string}\"},\"query-input\":{\"@type\":\"PropertyValueSpecification\",\"valueRequired\":true,\"valueName\":\"search_term_string\"}}],\"inLanguage\":\"fr-FR\"},{\"@type\":\"Organization\",\"@id\":\"https:\\\/\\\/www.immobilierlocal.ch\\\/c\\\/#organization\",\"name\":\"Immobilierlocal\",\"url\":\"https:\\\/\\\/www.immobilierlocal.ch\\\/c\\\/\",\"logo\":{\"@type\":\"ImageObject\",\"inLanguage\":\"fr-FR\",\"@id\":\"https:\\\/\\\/www.immobilierlocal.ch\\\/c\\\/#\\\/schema\\\/logo\\\/image\\\/\",\"url\":\"https:\\\/\\\/www.immobilierlocal.ch\\\/c\\\/wp-content\\\/uploads\\\/2023\\\/10\\\/logo-immobilierlocal-h.svg\",\"contentUrl\":\"https:\\\/\\\/www.immobilierlocal.ch\\\/c\\\/wp-content\\\/uploads\\\/2023\\\/10\\\/logo-immobilierlocal-h.svg\",\"caption\":\"Immobilierlocal\"},\"image\":{\"@id\":\"https:\\\/\\\/www.immobilierlocal.ch\\\/c\\\/#\\\/schema\\\/logo\\\/image\\\/\"}}]}<\/script>\n<!-- \/ Yoast SEO Premium plugin. -->","yoast_head_json":{"title":"\u00c9volution des prix de l'immobilier \u00e0 Apples en 2026 - Immobilierlocal","description":"D\u00e9couvrez le Prix moyen au m\u00b2 \u00e0 Apples en mai 2026 \u2705 Estimation gratuite de votre bien \u2705 Derni\u00e8res \u00e9volutions du march\u00e9.","robots":{"index":"index","follow":"follow","max-snippet":"max-snippet:-1","max-image-preview":"max-image-preview:large","max-video-preview":"max-video-preview:-1"},"canonical":"https:\/\/www.immobilierlocal.ch\/c\/evolution-des-prix-de-limmobilier-canton-vaud\/evolution-des-prix-de-limmobilier-a-apples\/","og_locale":"fr_FR","og_type":"article","og_title":"\u00c9volution des prix de l'immobilier \u00e0 Apples en 2026","og_description":"D\u00e9couvrez le Prix moyen au m\u00b2 \u00e0 Apples en mai 2026 \u2705 Estimation gratuite de votre bien \u2705 Derni\u00e8res \u00e9volutions du march\u00e9.","og_url":"https:\/\/www.immobilierlocal.ch\/c\/evolution-des-prix-de-limmobilier-canton-vaud\/evolution-des-prix-de-limmobilier-a-apples\/","og_site_name":"Immobilierlocal","article_modified_time":"2024-08-05T18:11:40+00:00","og_image":[{"width":2560,"height":817,"url":"https:\/\/www.immobilierlocal.ch\/c\/wp-content\/uploads\/2023\/12\/evolution-des-prix-de-limmobilier-a-apples-scaled.jpg","type":"image\/jpeg"}],"twitter_card":"summary_large_image","twitter_misc":{"Dur\u00e9e de lecture estim\u00e9e":"7 minutes"},"schema":{"@context":"https:\/\/schema.org","@graph":[{"@type":"WebPage","@id":"https:\/\/www.immobilierlocal.ch\/c\/evolution-des-prix-de-limmobilier-canton-vaud\/evolution-des-prix-de-limmobilier-a-apples\/","url":"https:\/\/www.immobilierlocal.ch\/c\/evolution-des-prix-de-limmobilier-canton-vaud\/evolution-des-prix-de-limmobilier-a-apples\/","name":"\u00c9volution des prix de l'immobilier \u00e0 Apples en 2026 - Immobilierlocal","isPartOf":{"@id":"https:\/\/www.immobilierlocal.ch\/c\/#website"},"primaryImageOfPage":{"@id":"https:\/\/www.immobilierlocal.ch\/c\/evolution-des-prix-de-limmobilier-canton-vaud\/evolution-des-prix-de-limmobilier-a-apples\/#primaryimage"},"image":{"@id":"https:\/\/www.immobilierlocal.ch\/c\/evolution-des-prix-de-limmobilier-canton-vaud\/evolution-des-prix-de-limmobilier-a-apples\/#primaryimage"},"thumbnailUrl":"https:\/\/www.immobilierlocal.ch\/c\/wp-content\/uploads\/2023\/12\/evolution-des-prix-de-limmobilier-a-apples-scaled.jpg","datePublished":"2023-12-15T19:37:28+00:00","dateModified":"2024-08-05T18:11:40+00:00","breadcrumb":{"@id":"https:\/\/www.immobilierlocal.ch\/c\/evolution-des-prix-de-limmobilier-canton-vaud\/evolution-des-prix-de-limmobilier-a-apples\/#breadcrumb"},"inLanguage":"fr-FR","potentialAction":[{"@type":"ReadAction","target":["https:\/\/www.immobilierlocal.ch\/c\/evolution-des-prix-de-limmobilier-canton-vaud\/evolution-des-prix-de-limmobilier-a-apples\/"]}]},{"@type":"ImageObject","inLanguage":"fr-FR","@id":"https:\/\/www.immobilierlocal.ch\/c\/evolution-des-prix-de-limmobilier-canton-vaud\/evolution-des-prix-de-limmobilier-a-apples\/#primaryimage","url":"https:\/\/www.immobilierlocal.ch\/c\/wp-content\/uploads\/2023\/12\/evolution-des-prix-de-limmobilier-a-apples-scaled.jpg","contentUrl":"https:\/\/www.immobilierlocal.ch\/c\/wp-content\/uploads\/2023\/12\/evolution-des-prix-de-limmobilier-a-apples-scaled.jpg","width":2560,"height":817,"caption":"\u00c9volution des prix de l'immobilier \u00e0 Apples"},{"@type":"BreadcrumbList","@id":"https:\/\/www.immobilierlocal.ch\/c\/evolution-des-prix-de-limmobilier-canton-vaud\/evolution-des-prix-de-limmobilier-a-apples\/#breadcrumb","itemListElement":[{"@type":"ListItem","position":1,"name":"Accueil","item":"https:\/\/www.immobilierlocal.ch\/c\/"},{"@type":"ListItem","position":2,"name":"\u00c9volution des prix de l&rsquo;immobilier dans le canton de Vaud en 2025","item":"https:\/\/www.immobilierlocal.ch\/c\/evolution-des-prix-de-limmobilier-canton-vaud\/"},{"@type":"ListItem","position":3,"name":"\u00c9volution des prix de l&rsquo;immobilier \u00e0 Apples en 2025"}]},{"@type":"WebSite","@id":"https:\/\/www.immobilierlocal.ch\/c\/#website","url":"https:\/\/www.immobilierlocal.ch\/c\/","name":"Immobilierlocal","description":"","publisher":{"@id":"https:\/\/www.immobilierlocal.ch\/c\/#organization"},"potentialAction":[{"@type":"SearchAction","target":{"@type":"EntryPoint","urlTemplate":"https:\/\/www.immobilierlocal.ch\/c\/?s={search_term_string}"},"query-input":{"@type":"PropertyValueSpecification","valueRequired":true,"valueName":"search_term_string"}}],"inLanguage":"fr-FR"},{"@type":"Organization","@id":"https:\/\/www.immobilierlocal.ch\/c\/#organization","name":"Immobilierlocal","url":"https:\/\/www.immobilierlocal.ch\/c\/","logo":{"@type":"ImageObject","inLanguage":"fr-FR","@id":"https:\/\/www.immobilierlocal.ch\/c\/#\/schema\/logo\/image\/","url":"https:\/\/www.immobilierlocal.ch\/c\/wp-content\/uploads\/2023\/10\/logo-immobilierlocal-h.svg","contentUrl":"https:\/\/www.immobilierlocal.ch\/c\/wp-content\/uploads\/2023\/10\/logo-immobilierlocal-h.svg","caption":"Immobilierlocal"},"image":{"@id":"https:\/\/www.immobilierlocal.ch\/c\/#\/schema\/logo\/image\/"}}]}},"_links":{"self":[{"href":"https:\/\/www.immobilierlocal.ch\/c\/wp-json\/wp\/v2\/pages\/1065","targetHints":{"allow":["GET"]}}],"collection":[{"href":"https:\/\/www.immobilierlocal.ch\/c\/wp-json\/wp\/v2\/pages"}],"about":[{"href":"https:\/\/www.immobilierlocal.ch\/c\/wp-json\/wp\/v2\/types\/page"}],"author":[{"embeddable":true,"href":"https:\/\/www.immobilierlocal.ch\/c\/wp-json\/wp\/v2\/users\/3"}],"replies":[{"embeddable":true,"href":"https:\/\/www.immobilierlocal.ch\/c\/wp-json\/wp\/v2\/comments?post=1065"}],"version-history":[{"count":0,"href":"https:\/\/www.immobilierlocal.ch\/c\/wp-json\/wp\/v2\/pages\/1065\/revisions"}],"up":[{"embeddable":true,"href":"https:\/\/www.immobilierlocal.ch\/c\/wp-json\/wp\/v2\/pages\/1099"}],"wp:featuredmedia":[{"embeddable":true,"href":"https:\/\/www.immobilierlocal.ch\/c\/wp-json\/wp\/v2\/media\/1835"}],"wp:attachment":[{"href":"https:\/\/www.immobilierlocal.ch\/c\/wp-json\/wp\/v2\/media?parent=1065"}],"wp:term":[{"taxonomy":"category","embeddable":true,"href":"https:\/\/www.immobilierlocal.ch\/c\/wp-json\/wp\/v2\/categories?post=1065"},{"taxonomy":"profession","embeddable":true,"href":"https:\/\/www.immobilierlocal.ch\/c\/wp-json\/wp\/v2\/profession?post=1065"},{"taxonomy":"location","embeddable":true,"href":"https:\/\/www.immobilierlocal.ch\/c\/wp-json\/wp\/v2\/location?post=1065"},{"taxonomy":"canton","embeddable":true,"href":"https:\/\/www.immobilierlocal.ch\/c\/wp-json\/wp\/v2\/canton?post=1065"}],"curies":[{"name":"wp","href":"https:\/\/api.w.org\/{rel}","templated":true}]}}