
{"version":"1.0","provider_name":"Immobilierlocal","provider_url":"https:\/\/www.immobilierlocal.ch\/c","author_name":"Daniel Carrard","author_url":"https:\/\/www.immobilierlocal.ch\/c\/author\/daniel-carrard\/","title":"\u00c9volution des prix de l'immobilier dans le canton de Neuch\u00e2tel en 2026","type":"rich","width":600,"height":338,"html":"<blockquote class=\"wp-embedded-content\" data-secret=\"qhhyoxrhyf\"><a href=\"https:\/\/www.immobilierlocal.ch\/c\/evolution-des-prix-de-limmobilier-canton-neuchatel\/\">\u00c9volution des prix de l&rsquo;immobilier dans le canton de Neuch\u00e2tel en 2026<\/a><\/blockquote><iframe sandbox=\"allow-scripts\" security=\"restricted\" src=\"https:\/\/www.immobilierlocal.ch\/c\/evolution-des-prix-de-limmobilier-canton-neuchatel\/embed\/#?secret=qhhyoxrhyf\" width=\"600\" height=\"338\" title=\"\u00ab\u00a0\u00c9volution des prix de l&rsquo;immobilier dans le canton de Neuch\u00e2tel en 2026\u00a0\u00bb &#8212; Immobilierlocal\" data-secret=\"qhhyoxrhyf\" frameborder=\"0\" marginwidth=\"0\" marginheight=\"0\" scrolling=\"no\" class=\"wp-embedded-content\"><\/iframe><script>\n\/*! This file is auto-generated *\/\n!function(d,l){\"use strict\";l.querySelector&&d.addEventListener&&\"undefined\"!=typeof URL&&(d.wp=d.wp||{},d.wp.receiveEmbedMessage||(d.wp.receiveEmbedMessage=function(e){var t=e.data;if((t||t.secret||t.message||t.value)&&!\/[^a-zA-Z0-9]\/.test(t.secret)){for(var s,r,n,a=l.querySelectorAll('iframe[data-secret=\"'+t.secret+'\"]'),o=l.querySelectorAll('blockquote[data-secret=\"'+t.secret+'\"]'),c=new RegExp(\"^https?:$\",\"i\"),i=0;i<o.length;i++)o[i].style.display=\"none\";for(i=0;i<a.length;i++)s=a[i],e.source===s.contentWindow&&(s.removeAttribute(\"style\"),\"height\"===t.message?(1e3<(r=parseInt(t.value,10))?r=1e3:~~r<200&&(r=200),s.height=r):\"link\"===t.message&&(r=new URL(s.getAttribute(\"src\")),n=new URL(t.value),c.test(n.protocol))&&n.host===r.host&&l.activeElement===s&&(d.top.location.href=t.value))}},d.addEventListener(\"message\",d.wp.receiveEmbedMessage,!1),l.addEventListener(\"DOMContentLoaded\",function(){for(var e,t,s=l.querySelectorAll(\"iframe.wp-embedded-content\"),r=0;r<s.length;r++)(t=(e=s[r]).getAttribute(\"data-secret\"))||(t=Math.random().toString(36).substring(2,12),e.src+=\"#?secret=\"+t,e.setAttribute(\"data-secret\",t)),e.contentWindow.postMessage({message:\"ready\",secret:t},\"*\")},!1)))}(window,document);\n\/\/# sourceURL=https:\/\/www.immobilierlocal.ch\/c\/wp-includes\/js\/wp-embed.min.js\n<\/script>\n","thumbnail_url":"https:\/\/www.immobilierlocal.ch\/c\/wp-content\/uploads\/2023\/12\/evolution-des-prix-de-limmobilier-dans-le-canton-de-neuchatel-scaled.jpg","thumbnail_width":2560,"thumbnail_height":817,"description":"Le prix immobilier moyen au m\u00b2 dans le canton de Neuch\u00e2tel Le loyer mensuel moyen dans le canton de Neuch\u00e2tel L&rsquo;\u00e9volution du prix dans le canton de Neuch\u00e2tel Quelles sont les tendances futures des prix immobiliers dans le canton de Neuch\u00e2tel Malgr\u00e9 une augmentation significative des prix dans le canton de Neuch\u00e2tel au cours des [&hellip;]"}